{"id":50295,"date":"2022-01-04T02:40:37","date_gmt":"2022-01-04T02:40:37","guid":{"rendered":"http:\/\/fondationenfantjeunesse.org\/board-of-directors\/"},"modified":"2024-10-09T16:40:45","modified_gmt":"2024-10-09T16:40:45","slug":"conseil-dadministration","status":"publish","type":"page","link":"https:\/\/fondationenfantjeunesse.org\/fr\/conseil-dadministration\/","title":{"rendered":"Conseil d&rsquo;administration"},"content":{"rendered":"<p>[et_pb_section fb_built=\u00a0\u00bb1&Prime; fullwidth=\u00a0\u00bbon\u00a0\u00bb admin_label=\u00a0\u00bbSection\u00a0\u00bb _builder_version=\u00a0\u00bb4.16&Prime; _module_preset=\u00a0\u00bbdefault\u00a0\u00bb background_image=\u00a0\u00bbhttp:\/\/fondationenfantjeunesse.org\/wp-content\/uploads\/cassaverie.jpg\u00a0\u00bb da_disable_devices=\u00a0\u00bboff|off|off\u00a0\u00bb locked=\u00a0\u00bboff\u00a0\u00bb global_colors_info=\u00a0\u00bb{}\u00a0\u00bb da_is_popup=\u00a0\u00bboff\u00a0\u00bb da_exit_intent=\u00a0\u00bboff\u00a0\u00bb da_has_close=\u00a0\u00bbon\u00a0\u00bb da_alt_close=\u00a0\u00bboff\u00a0\u00bb da_dark_close=\u00a0\u00bboff\u00a0\u00bb da_not_modal=\u00a0\u00bbon\u00a0\u00bb da_is_singular=\u00a0\u00bboff\u00a0\u00bb da_with_loader=\u00a0\u00bboff\u00a0\u00bb da_has_shadow=\u00a0\u00bbon\u00a0\u00bb][et_pb_fullwidth_header title=\u00a0\u00bb@ET-DC@eyJkeW5hbWljIjp0cnVlLCJjb250ZW50IjoicG9zdF90aXRsZSIsInNldHRpbmdzIjp7ImJlZm9yZSI6IiIsImFmdGVyIjoiIn19@\u00a0\u00bb header_fullscreen=\u00a0\u00bbon\u00a0\u00bb _builder_version=\u00a0\u00bb4.16&Prime; _dynamic_attributes=\u00a0\u00bbtitle\u00a0\u00bb _module_preset=\u00a0\u00bbdefault\u00a0\u00bb title_text_align=\u00a0\u00bbcenter\u00a0\u00bb title_font_size=\u00a0\u00bb60px\u00a0\u00bb background_color=\u00a0\u00bbrgba(0,0,0,0.5)\u00a0\u00bb background_enable_image=\u00a0\u00bboff\u00a0\u00bb title_text_shadow_style=\u00a0\u00bbpreset2&Prime; global_colors_info=\u00a0\u00bb{}\u00a0\u00bb][\/et_pb_fullwidth_header][\/et_pb_section][et_pb_section fb_built=\u00a0\u00bb1&Prime; admin_label=\u00a0\u00bbSection\u00a0\u00bb _builder_version=\u00a0\u00bb4.16&Prime; _module_preset=\u00a0\u00bbdefault\u00a0\u00bb da_disable_devices=\u00a0\u00bboff|off|off\u00a0\u00bb global_colors_info=\u00a0\u00bb{}\u00a0\u00bb da_is_popup=\u00a0\u00bboff\u00a0\u00bb da_exit_intent=\u00a0\u00bboff\u00a0\u00bb da_has_close=\u00a0\u00bbon\u00a0\u00bb da_alt_close=\u00a0\u00bboff\u00a0\u00bb da_dark_close=\u00a0\u00bboff\u00a0\u00bb da_not_modal=\u00a0\u00bbon\u00a0\u00bb da_is_singular=\u00a0\u00bboff\u00a0\u00bb da_with_loader=\u00a0\u00bboff\u00a0\u00bb da_has_shadow=\u00a0\u00bbon\u00a0\u00bb][et_pb_row column_structure=\u00a0\u00bb2_5,3_5&Prime; _builder_version=\u00a0\u00bb4.16&Prime; _module_preset=\u00a0\u00bbdefault\u00a0\u00bb global_colors_info=\u00a0\u00bb{}\u00a0\u00bb][et_pb_column type=\u00a0\u00bb2_5&Prime; _builder_version=\u00a0\u00bb4.16&Prime; _module_preset=\u00a0\u00bbdefault\u00a0\u00bb global_colors_info=\u00a0\u00bb{}\u00a0\u00bb][et_pb_image src=\u00a0\u00bbhttp:\/\/fondationenfantjeunesse.org\/wp-content\/uploads\/gina-ferrus.jpg\u00a0\u00bb title_text=\u00a0\u00bbgina-ferrus\u00a0\u00bb align_tablet=\u00a0\u00bbcenter\u00a0\u00bb align_phone=\u00a0\u00bbcenter\u00a0\u00bb align_last_edited=\u00a0\u00bbon|tablet\u00a0\u00bb _builder_version=\u00a0\u00bb4.27.0&Prime; _module_preset=\u00a0\u00bbdefault\u00a0\u00bb border_radii=\u00a0\u00bbon|1000px|1000px|1000px|1000px\u00a0\u00bb global_colors_info=\u00a0\u00bb{}\u00a0\u00bb][\/et_pb_image][\/et_pb_column][et_pb_column type=\u00a0\u00bb3_5&Prime; _builder_version=\u00a0\u00bb4.16&Prime; _module_preset=\u00a0\u00bbdefault\u00a0\u00bb global_colors_info=\u00a0\u00bb{}\u00a0\u00bb][et_pb_blurb title=\u00a0\u00bbGINA FERRUS \u00a0\u00bb alt=\u00a0\u00bbLilian Dukes\u00a0\u00bb _builder_version=\u00a0\u00bb4.16&Prime; _module_preset=\u00a0\u00bbdefault\u00a0\u00bb header_text_align=\u00a0\u00bbcenter\u00a0\u00bb header_font_size=\u00a0\u00bb24px\u00a0\u00bb body_text_align=\u00a0\u00bbjustify\u00a0\u00bb border_radii_image=\u00a0\u00bbon|1000px|1000px|1000px|1000px\u00a0\u00bb box_shadow_style_image=\u00a0\u00bbpreset1&Prime; global_colors_info=\u00a0\u00bb{}\u00a0\u00bb]<\/p>\n<p>Gina Ferrus est une fervente d\u00e9fenseure des enfants et de son pays. N\u00e9e \u00e0 Petit-Go\u00e2ve, en Ha\u00efti, Gina est actuellement la directrice g\u00e9n\u00e9rale et pr\u00e9sidente de la Fondation Enfant Jeunesse (FEJ). Sous sa direction visionnaire, un centre communautaire est en plein essor, ainsi qu&rsquo;une clinique m\u00e9dicale, une \u00e9cole, un orphelinat, et des programmes innovants qui soutiennent les femmes, l&rsquo;\u00e9ducation, la sant\u00e9 et le d\u00e9veloppement communautaire dans les zones rurales d&rsquo;Ha\u00efti.<\/p>\n<p>Elle a obtenu plusieurs dipl\u00f4mes \u00e0 l&rsquo;\u00e9tranger en soins infirmiers, en conseil et en administration de la sant\u00e9 publique. Gina a consacr\u00e9 sa vie aux efforts humanitaires, offrant de l&rsquo;espoir \u00e0 des dizaines d&rsquo;enfants abandonn\u00e9s et orphelins, et en autonomisant les communaut\u00e9s locales pour construire un avenir meilleur et plus durable.<\/p>\n<p>[\/et_pb_blurb][\/et_pb_column][\/et_pb_row][et_pb_row column_structure=\u00a0\u00bb1_3,1_3,1_3&Prime; _builder_version=\u00a0\u00bb4.16&Prime; _module_preset=\u00a0\u00bbdefault\u00a0\u00bb width=\u00a0\u00bb50%\u00a0\u00bb global_colors_info=\u00a0\u00bb{}\u00a0\u00bb][et_pb_column type=\u00a0\u00bb1_3&Prime; _builder_version=\u00a0\u00bb4.16&Prime; _module_preset=\u00a0\u00bbdefault\u00a0\u00bb global_colors_info=\u00a0\u00bb{}\u00a0\u00bb][et_pb_button button_url=\u00a0\u00bb#haiti\u00a0\u00bb button_text=\u00a0\u00bbConseil d&rsquo;Ha\u00efti\u00a0\u00bb button_alignment=\u00a0\u00bbcenter\u00a0\u00bb _builder_version=\u00a0\u00bb4.27.0&Prime; _module_preset=\u00a0\u00bbdefault\u00a0\u00bb custom_button=\u00a0\u00bbon\u00a0\u00bb button_text_color=\u00a0\u00bb#FFFFFF\u00a0\u00bb button_bg_color=\u00a0\u00bb#000000&Prime; button_use_icon=\u00a0\u00bboff\u00a0\u00bb global_colors_info=\u00a0\u00bb{}\u00a0\u00bb][\/et_pb_button][\/et_pb_column][et_pb_column type=\u00a0\u00bb1_3&Prime; _builder_version=\u00a0\u00bb4.16&Prime; _module_preset=\u00a0\u00bbdefault\u00a0\u00bb global_colors_info=\u00a0\u00bb{}\u00a0\u00bb][et_pb_button button_url=\u00a0\u00bb#fej\u00a0\u00bb button_text=\u00a0\u00bbConseil d&rsquo;FEJ USA\u00a0\u00bb button_alignment=\u00a0\u00bbcenter\u00a0\u00bb _builder_version=\u00a0\u00bb4.27.0&Prime; _module_preset=\u00a0\u00bbdefault\u00a0\u00bb custom_button=\u00a0\u00bbon\u00a0\u00bb button_text_color=\u00a0\u00bb#FFFFFF\u00a0\u00bb button_bg_color=\u00a0\u00bb#000000&Prime; button_use_icon=\u00a0\u00bboff\u00a0\u00bb global_colors_info=\u00a0\u00bb{}\u00a0\u00bb][\/et_pb_button][\/et_pb_column][et_pb_column type=\u00a0\u00bb1_3&Prime; _builder_version=\u00a0\u00bb4.16&Prime; _module_preset=\u00a0\u00bbdefault\u00a0\u00bb global_colors_info=\u00a0\u00bb{}\u00a0\u00bb][et_pb_button button_url=\u00a0\u00bb#honorary\u00a0\u00bb button_text=\u00a0\u00bbConseil honoraire\u00a0\u00bb button_alignment=\u00a0\u00bbcenter\u00a0\u00bb _builder_version=\u00a0\u00bb4.27.0&Prime; _module_preset=\u00a0\u00bbdefault\u00a0\u00bb custom_button=\u00a0\u00bbon\u00a0\u00bb button_text_color=\u00a0\u00bb#FFFFFF\u00a0\u00bb button_bg_color=\u00a0\u00bb#000000&Prime; button_use_icon=\u00a0\u00bboff\u00a0\u00bb global_colors_info=\u00a0\u00bb{}\u00a0\u00bb][\/et_pb_button][\/et_pb_column][\/et_pb_row][\/et_pb_section][et_pb_section fb_built=\u00a0\u00bb1&Prime; admin_label=\u00a0\u00bbSection\u00a0\u00bb module_id=\u00a0\u00bbhaiti\u00a0\u00bb _builder_version=\u00a0\u00bb4.16&Prime; _module_preset=\u00a0\u00bbdefault\u00a0\u00bb custom_padding=\u00a0\u00bb||0px|||\u00a0\u00bb da_popup_slug=\u00a0\u00bbhaiti\u00a0\u00bb da_disable_devices=\u00a0\u00bboff|off|off\u00a0\u00bb global_colors_info=\u00a0\u00bb{}\u00a0\u00bb da_is_popup=\u00a0\u00bboff\u00a0\u00bb da_exit_intent=\u00a0\u00bboff\u00a0\u00bb da_has_close=\u00a0\u00bbon\u00a0\u00bb da_alt_close=\u00a0\u00bboff\u00a0\u00bb da_dark_close=\u00a0\u00bboff\u00a0\u00bb da_not_modal=\u00a0\u00bbon\u00a0\u00bb da_is_singular=\u00a0\u00bboff\u00a0\u00bb da_with_loader=\u00a0\u00bboff\u00a0\u00bb da_has_shadow=\u00a0\u00bbon\u00a0\u00bb][et_pb_row _builder_version=\u00a0\u00bb4.16&Prime; _module_preset=\u00a0\u00bbdefault\u00a0\u00bb global_colors_info=\u00a0\u00bb{}\u00a0\u00bb][et_pb_column type=\u00a0\u00bb4_4&Prime; _builder_version=\u00a0\u00bb4.16&Prime; _module_preset=\u00a0\u00bbdefault\u00a0\u00bb global_colors_info=\u00a0\u00bb{}\u00a0\u00bb][et_pb_text _builder_version=\u00a0\u00bb4.27.0&Prime; _module_preset=\u00a0\u00bbdefault\u00a0\u00bb text_font=\u00a0\u00bb|700|||||||\u00a0\u00bb text_text_color=\u00a0\u00bb#000000&Prime; text_orientation=\u00a0\u00bbcenter\u00a0\u00bb global_colors_info=\u00a0\u00bb{}\u00a0\u00bb]Conseil d&rsquo;Ha\u00efti[\/et_pb_text][\/et_pb_column][\/et_pb_row][et_pb_row column_structure=\u00a0\u00bb1_3,1_3,1_3&Prime; use_custom_gutter=\u00a0\u00bbon\u00a0\u00bb gutter_width=\u00a0\u00bb2&Prime; _builder_version=\u00a0\u00bb4.27.2&Prime; _module_preset=\u00a0\u00bbdefault\u00a0\u00bb global_colors_info=\u00a0\u00bb{}\u00a0\u00bb][et_pb_column type=\u00a0\u00bb1_3&Prime; _builder_version=\u00a0\u00bb4.16&Prime; _module_preset=\u00a0\u00bbdefault\u00a0\u00bb global_colors_info=\u00a0\u00bb{}\u00a0\u00bb][et_pb_blurb title=\u00a0\u00bbAlexandre Patrick Vieux Vice-Pr\u00e9sident \u2013 Directeur G\u00e9n\u00e9ral Adjoint\u00a0\u00bb image=\u00a0\u00bbhttp:\/\/fondationenfantjeunesse.org\/wp-content\/uploads\/a-vieux.jpg\u00a0\u00bb alt=\u00a0\u00bbLilian Dukes\u00a0\u00bb _builder_version=\u00a0\u00bb4.27.2&Prime; _module_preset=\u00a0\u00bbdefault\u00a0\u00bb header_text_align=\u00a0\u00bbcenter\u00a0\u00bb header_font_size=\u00a0\u00bb24px\u00a0\u00bb body_text_align=\u00a0\u00bbjustify\u00a0\u00bb border_radii_image=\u00a0\u00bbon|1000px|1000px|1000px|1000px\u00a0\u00bb box_shadow_style_image=\u00a0\u00bbpreset1&Prime; global_colors_info=\u00a0\u00bb{}\u00a0\u00bb]<\/p>\n<p>Alexandre Patrick Vieux est un leader visionnaire et successeur de troisi\u00e8me g\u00e9n\u00e9ration dans l&rsquo;entreprise distingu\u00e9e de sa famille, l&rsquo;\u00c9tablissement Berthony Vieux, sp\u00e9cialis\u00e9 dans le secteur alimentaire en Ha\u00efti. Titulaire d&rsquo;un baccalaur\u00e9at en administration des affaires de l&rsquo;Universit\u00e9 de Montr\u00e9al&#8230;<\/p>\n<p>[\/et_pb_blurb][et_pb_button button_url=\u00a0\u00bb#alexandre\u00a0\u00bb button_text=\u00a0\u00bbLire la suite\u00a0\u00bb button_alignment=\u00a0\u00bbcenter\u00a0\u00bb _builder_version=\u00a0\u00bb4.27.2&Prime; _module_preset=\u00a0\u00bbdefault\u00a0\u00bb custom_button=\u00a0\u00bbon\u00a0\u00bb button_text_color=\u00a0\u00bb#FFFFFF\u00a0\u00bb button_bg_color=\u00a0\u00bb#000000&Prime; button_use_icon=\u00a0\u00bboff\u00a0\u00bb locked=\u00a0\u00bboff\u00a0\u00bb global_colors_info=\u00a0\u00bb{}\u00a0\u00bb][\/et_pb_button][\/et_pb_column][et_pb_column type=\u00a0\u00bb1_3&Prime; _builder_version=\u00a0\u00bb4.16&Prime; _module_preset=\u00a0\u00bbdefault\u00a0\u00bb global_colors_info=\u00a0\u00bb{}\u00a0\u00bb][et_pb_blurb title=\u00a0\u00bbSerge Ferrus &#8211; Tr\u00e9sorier\u00a0\u00bb image=\u00a0\u00bbhttp:\/\/fondationenfantjeunesse.org\/wp-content\/uploads\/serge-ferrus-1.jpg\u00a0\u00bb alt=\u00a0\u00bbLilian Dukes\u00a0\u00bb _builder_version=\u00a0\u00bb4.27.2&Prime; _module_preset=\u00a0\u00bbdefault\u00a0\u00bb header_text_align=\u00a0\u00bbcenter\u00a0\u00bb header_font_size=\u00a0\u00bb24px\u00a0\u00bb body_text_align=\u00a0\u00bbjustify\u00a0\u00bb border_radii_image=\u00a0\u00bbon|1000px|1000px|1000px|1000px\u00a0\u00bb box_shadow_style_image=\u00a0\u00bbpreset1&Prime; global_colors_info=\u00a0\u00bb{}\u00a0\u00bb]<\/p>\n<p>Serge Ferrus est profond\u00e9ment respect\u00e9 dans la communaut\u00e9 des affaires et le secteur gouvernemental en Ha\u00efti. Gr\u00e2ce \u00e0 sa vision et \u00e0 son sens des affaires, la Tim-Bar International Paper Company, dont il est le Directeur G\u00e9n\u00e9ral, reste une entreprise de fabrication d\u00e9tenue et exploit\u00e9e par des Ha\u00eftiens.<\/p>\n<p>[\/et_pb_blurb][et_pb_button button_url=\u00a0\u00bb#serge\u00a0\u00bb button_text=\u00a0\u00bbLire la suite\u00a0\u00bb button_alignment=\u00a0\u00bbcenter\u00a0\u00bb _builder_version=\u00a0\u00bb4.27.0&Prime; _module_preset=\u00a0\u00bbdefault\u00a0\u00bb custom_button=\u00a0\u00bbon\u00a0\u00bb button_text_color=\u00a0\u00bb#FFFFFF\u00a0\u00bb button_bg_color=\u00a0\u00bb#000000&Prime; button_use_icon=\u00a0\u00bboff\u00a0\u00bb global_colors_info=\u00a0\u00bb{}\u00a0\u00bb][\/et_pb_button][\/et_pb_column][et_pb_column type=\u00a0\u00bb1_3&Prime; _builder_version=\u00a0\u00bb4.16&Prime; _module_preset=\u00a0\u00bbdefault\u00a0\u00bb global_colors_info=\u00a0\u00bb{}\u00a0\u00bb][et_pb_blurb title=\u00a0\u00bbMaryse Vieux &#8211; Secr\u00e9taire\u00a0\u00bb image=\u00a0\u00bbhttp:\/\/fondationenfantjeunesse.org\/wp-content\/uploads\/maryse-vieux-1.jpg\u00a0\u00bb alt=\u00a0\u00bbLilian Dukes\u00a0\u00bb _builder_version=\u00a0\u00bb4.27.2&Prime; _module_preset=\u00a0\u00bbdefault\u00a0\u00bb header_text_align=\u00a0\u00bbcenter\u00a0\u00bb header_font_size=\u00a0\u00bb24px\u00a0\u00bb body_text_align=\u00a0\u00bbjustify\u00a0\u00bb border_radii_image=\u00a0\u00bbon|1000px|1000px|1000px|1000px\u00a0\u00bb box_shadow_style_image=\u00a0\u00bbpreset1&Prime; global_colors_info=\u00a0\u00bb{}\u00a0\u00bb]<\/p>\n<p>Maryse Vieux a plus de 30 ans d&rsquo;exp\u00e9rience dans l&rsquo;\u00e9ducation et la gestion. Elle est passionn\u00e9e par le service aux jeunes et aux personnes \u00e2g\u00e9es. En 2010, elle a pris sa retraite de son poste de Pr\u00e9sidente et Directrice G\u00e9n\u00e9rale du jardin d&rsquo;enfants Petits Bouts de Choux, en Ha\u00efti, o\u00f9 elle a servi pendant 14 ans.<\/p>\n<p>[\/et_pb_blurb][et_pb_button button_url=\u00a0\u00bb#maryse\u00a0\u00bb button_text=\u00a0\u00bbLire la suite\u00a0\u00bb button_alignment=\u00a0\u00bbcenter\u00a0\u00bb _builder_version=\u00a0\u00bb4.27.0&Prime; _module_preset=\u00a0\u00bbdefault\u00a0\u00bb custom_button=\u00a0\u00bbon\u00a0\u00bb button_text_color=\u00a0\u00bb#FFFFFF\u00a0\u00bb button_bg_color=\u00a0\u00bb#000000&Prime; button_use_icon=\u00a0\u00bboff\u00a0\u00bb global_colors_info=\u00a0\u00bb{}\u00a0\u00bb][\/et_pb_button][\/et_pb_column][\/et_pb_row][et_pb_row column_structure=\u00a0\u00bb1_4,1_4,1_4,1_4&Prime; use_custom_gutter=\u00a0\u00bbon\u00a0\u00bb gutter_width=\u00a0\u00bb2&Prime; _builder_version=\u00a0\u00bb4.27.2&Prime; _module_preset=\u00a0\u00bbdefault\u00a0\u00bb global_colors_info=\u00a0\u00bb{}\u00a0\u00bb][et_pb_column type=\u00a0\u00bb1_4&Prime; _builder_version=\u00a0\u00bb4.16&Prime; _module_preset=\u00a0\u00bbdefault\u00a0\u00bb global_colors_info=\u00a0\u00bb{}\u00a0\u00bb][et_pb_blurb title=\u00a0\u00bbVanessa Abdel-Razac\u00a0\u00bb image=\u00a0\u00bbhttp:\/\/fondationenfantjeunesse.org\/wp-content\/uploads\/Vanessa-Abdel-Razak.jpg\u00a0\u00bb alt=\u00a0\u00bbLilian Dukes\u00a0\u00bb _builder_version=\u00a0\u00bb4.27.2&Prime; _module_preset=\u00a0\u00bbdefault\u00a0\u00bb header_text_align=\u00a0\u00bbcenter\u00a0\u00bb header_font_size=\u00a0\u00bb24px\u00a0\u00bb body_text_align=\u00a0\u00bbjustify\u00a0\u00bb border_radii_image=\u00a0\u00bbon|1000px|1000px|1000px|1000px\u00a0\u00bb box_shadow_style_image=\u00a0\u00bbpreset1&Prime; global_colors_info=\u00a0\u00bb{}\u00a0\u00bb]<\/p>\n<p>Vanessa Abdel-Razak est avocate inscrite au barreau de Port-au-Prince, forte de plus de 15 ans d\u2019exp\u00e9rience dans le domaine juridique. Titulaire d\u2019une licence en droit de l\u2019Universit\u00e9 Quisqueya d\u2019Ha\u00efti, elle d\u00e9tient \u00e9galement un Master en droit international et&#8230;<\/p>\n<p>[\/et_pb_blurb][et_pb_button button_url=\u00a0\u00bb#vanessa\u00a0\u00bb button_text=\u00a0\u00bbLire la suite\u00a0\u00bb button_alignment=\u00a0\u00bbcenter\u00a0\u00bb _builder_version=\u00a0\u00bb4.27.2&Prime; _module_preset=\u00a0\u00bbdefault\u00a0\u00bb custom_button=\u00a0\u00bbon\u00a0\u00bb button_text_color=\u00a0\u00bb#FFFFFF\u00a0\u00bb button_bg_color=\u00a0\u00bb#000000&Prime; button_use_icon=\u00a0\u00bboff\u00a0\u00bb global_colors_info=\u00a0\u00bb{}\u00a0\u00bb][\/et_pb_button][\/et_pb_column][et_pb_column type=\u00a0\u00bb1_4&Prime; _builder_version=\u00a0\u00bb4.16&Prime; _module_preset=\u00a0\u00bbdefault\u00a0\u00bb global_colors_info=\u00a0\u00bb{}\u00a0\u00bb][et_pb_blurb title=\u00a0\u00bbGerald Reid, MD. &#8211; Membre\u00a0\u00bb image=\u00a0\u00bbhttp:\/\/fondationenfantjeunesse.org\/wp-content\/uploads\/gerald-1.jpg\u00a0\u00bb alt=\u00a0\u00bbLilian Dukes\u00a0\u00bb _builder_version=\u00a0\u00bb4.27.2&Prime; _module_preset=\u00a0\u00bbdefault\u00a0\u00bb header_text_align=\u00a0\u00bbcenter\u00a0\u00bb header_font_size=\u00a0\u00bb24px\u00a0\u00bb body_text_align=\u00a0\u00bbjustify\u00a0\u00bb border_radii_image=\u00a0\u00bbon|1000px|1000px|1000px|1000px\u00a0\u00bb box_shadow_style_image=\u00a0\u00bbpreset1&Prime; global_colors_info=\u00a0\u00bb{}\u00a0\u00bb]<\/p>\n<p>Dr Gerald Reid est un chirurgien certifi\u00e9 par le conseil, sp\u00e9cialis\u00e9 en oncologie chirurgicale. N\u00e9 \u00e0 Petit-Go\u00e2ve, Ha\u00efti, le Dr Reid a compl\u00e9t\u00e9 ses \u00e9tudes de m\u00e9decine \u00e0 l&rsquo;Universit\u00e9 d&rsquo;Ha\u00efti et sa r\u00e9sidence \u00e0 l&rsquo;h\u00f4pital Memorial \u00e0 Worcester, Massachusetts.<\/p>\n<p>[\/et_pb_blurb][et_pb_button button_url=\u00a0\u00bb#gerald\u00a0\u00bb button_text=\u00a0\u00bbLire la suite\u00a0\u00bb button_alignment=\u00a0\u00bbcenter\u00a0\u00bb _builder_version=\u00a0\u00bb4.27.0&Prime; _module_preset=\u00a0\u00bbdefault\u00a0\u00bb custom_button=\u00a0\u00bbon\u00a0\u00bb button_text_color=\u00a0\u00bb#FFFFFF\u00a0\u00bb button_bg_color=\u00a0\u00bb#000000&Prime; button_use_icon=\u00a0\u00bboff\u00a0\u00bb global_colors_info=\u00a0\u00bb{}\u00a0\u00bb][\/et_pb_button][\/et_pb_column][et_pb_column type=\u00a0\u00bb1_4&Prime; _builder_version=\u00a0\u00bb4.16&Prime; _module_preset=\u00a0\u00bbdefault\u00a0\u00bb global_colors_info=\u00a0\u00bb{}\u00a0\u00bb][et_pb_blurb title=\u00a0\u00bbGihane Dejoie Mathurin &#8211; Membre\u00a0\u00bb image=\u00a0\u00bbhttp:\/\/fondationenfantjeunesse.org\/wp-content\/uploads\/PHOTO-2024-10-04-20-55-13.jpg\u00a0\u00bb alt=\u00a0\u00bbGihane Dejoie Mathurin\u00a0\u00bb _builder_version=\u00a0\u00bb4.27.2&Prime; _module_preset=\u00a0\u00bbdefault\u00a0\u00bb header_text_align=\u00a0\u00bbcenter\u00a0\u00bb header_font_size=\u00a0\u00bb24px\u00a0\u00bb body_text_align=\u00a0\u00bbjustify\u00a0\u00bb border_radii_image=\u00a0\u00bbon|1000px|1000px|1000px|1000px\u00a0\u00bb box_shadow_style_image=\u00a0\u00bbpreset1&Prime; global_colors_info=\u00a0\u00bb{}\u00a0\u00bb]<\/p>\n<p>Je suis Gihane Dejoie Mathurin, actuellement Vice-Pr\u00e9sidente de l&rsquo;Association Ha\u00eftienne de Psychologie (AHPSY). D\u00e9tentrice d\u2019une licence en Psychologie de l&rsquo;Universit\u00e9 Cat\u00f3lica Madre y Maestra (PUCMM), R\u00e9publique Dominicaine, ou j\u2019ai fait un..<\/p>\n<p>[\/et_pb_blurb][et_pb_button button_url=\u00a0\u00bb#gihane\u00a0\u00bb button_text=\u00a0\u00bbLire la suite\u00a0\u00bb button_alignment=\u00a0\u00bbcenter\u00a0\u00bb _builder_version=\u00a0\u00bb4.27.2&Prime; _module_preset=\u00a0\u00bbdefault\u00a0\u00bb custom_button=\u00a0\u00bbon\u00a0\u00bb button_text_color=\u00a0\u00bb#FFFFFF\u00a0\u00bb button_bg_color=\u00a0\u00bb#000000&Prime; button_use_icon=\u00a0\u00bboff\u00a0\u00bb global_colors_info=\u00a0\u00bb{}\u00a0\u00bb][\/et_pb_button][\/et_pb_column][et_pb_column type=\u00a0\u00bb1_4&Prime; _builder_version=\u00a0\u00bb4.16&Prime; _module_preset=\u00a0\u00bbdefault\u00a0\u00bb global_colors_info=\u00a0\u00bb{}\u00a0\u00bb][et_pb_blurb title=\u00a0\u00bbStephanie Mesidor Saint-Surin &#8211; Membre\u00a0\u00bb image=\u00a0\u00bbhttp:\/\/fondationenfantjeunesse.org\/wp-content\/uploads\/stephanie-mesidor.jpg\u00a0\u00bb alt=\u00a0\u00bbStephanie Mesidor Saint-Surin\u00a0\u00bb _builder_version=\u00a0\u00bb4.27.2&Prime; _module_preset=\u00a0\u00bbdefault\u00a0\u00bb header_text_align=\u00a0\u00bbcenter\u00a0\u00bb header_font_size=\u00a0\u00bb24px\u00a0\u00bb body_text_align=\u00a0\u00bbjustify\u00a0\u00bb hover_enabled=\u00a0\u00bb0&Prime; border_radii_image=\u00a0\u00bbon|1000px|1000px|1000px|1000px\u00a0\u00bb box_shadow_style_image=\u00a0\u00bbpreset1&Prime; global_colors_info=\u00a0\u00bb{}\u00a0\u00bb title_text=\u00a0\u00bbStephanie Mesidor Saint-Surin  \u00a0\u00bb sticky_enabled=\u00a0\u00bb0&Prime;]<\/p>\n<p>Forte d&rsquo;un parcours reconnu en leadership financierUne professionnelle dynamique, titulaire d&rsquo;un baccalaur\u00e9at en Sciences Comptables, avec une vaste exp\u00e9rience en comptabilit\u00e9, administration et gestion des ressources humaines.<\/p>\n<p>[\/et_pb_blurb][et_pb_button button_url=\u00a0\u00bb#stephanie\u00a0\u00bb button_text=\u00a0\u00bbLire la suite\u00a0\u00bb button_alignment=\u00a0\u00bbcenter\u00a0\u00bb _builder_version=\u00a0\u00bb4.27.2&Prime; _module_preset=\u00a0\u00bbdefault\u00a0\u00bb custom_button=\u00a0\u00bbon\u00a0\u00bb button_text_color=\u00a0\u00bb#FFFFFF\u00a0\u00bb button_bg_color=\u00a0\u00bb#000000&Prime; button_use_icon=\u00a0\u00bboff\u00a0\u00bb hover_enabled=\u00a0\u00bb0&Prime; global_colors_info=\u00a0\u00bb{}\u00a0\u00bb sticky_enabled=\u00a0\u00bb0&Prime;][\/et_pb_button][\/et_pb_column][\/et_pb_row][et_pb_row _builder_version=\u00a0\u00bb4.16&Prime; _module_preset=\u00a0\u00bbdefault\u00a0\u00bb global_colors_info=\u00a0\u00bb{}\u00a0\u00bb][et_pb_column type=\u00a0\u00bb4_4&Prime; _builder_version=\u00a0\u00bb4.16&Prime; _module_preset=\u00a0\u00bbdefault\u00a0\u00bb global_colors_info=\u00a0\u00bb{}\u00a0\u00bb][et_pb_text _builder_version=\u00a0\u00bb4.27.0&Prime; _module_preset=\u00a0\u00bbdefault\u00a0\u00bb text_font=\u00a0\u00bb|700|||||||\u00a0\u00bb text_orientation=\u00a0\u00bbcenter\u00a0\u00bb global_colors_info=\u00a0\u00bb{}\u00a0\u00bb]Conseil d&rsquo;FEJ USA[\/et_pb_text][\/et_pb_column][\/et_pb_row][\/et_pb_section][et_pb_section fb_built=\u00a0\u00bb1&Prime; admin_label=\u00a0\u00bbSection\u00a0\u00bb module_id=\u00a0\u00bbfej\u00a0\u00bb _builder_version=\u00a0\u00bb4.16&Prime; _module_preset=\u00a0\u00bbdefault\u00a0\u00bb da_popup_slug=\u00a0\u00bbfej\u00a0\u00bb da_disable_devices=\u00a0\u00bboff|off|off\u00a0\u00bb global_colors_info=\u00a0\u00bb{}\u00a0\u00bb da_is_popup=\u00a0\u00bboff\u00a0\u00bb da_exit_intent=\u00a0\u00bboff\u00a0\u00bb da_has_close=\u00a0\u00bbon\u00a0\u00bb da_alt_close=\u00a0\u00bboff\u00a0\u00bb da_dark_close=\u00a0\u00bboff\u00a0\u00bb da_not_modal=\u00a0\u00bbon\u00a0\u00bb da_is_singular=\u00a0\u00bboff\u00a0\u00bb da_with_loader=\u00a0\u00bboff\u00a0\u00bb da_has_shadow=\u00a0\u00bbon\u00a0\u00bb][et_pb_row column_structure=\u00a0\u00bb1_3,1_3,1_3&Prime; use_custom_gutter=\u00a0\u00bbon\u00a0\u00bb gutter_width=\u00a0\u00bb2&Prime; _builder_version=\u00a0\u00bb4.16&Prime; _module_preset=\u00a0\u00bbdefault\u00a0\u00bb global_colors_info=\u00a0\u00bb{}\u00a0\u00bb][et_pb_column type=\u00a0\u00bb1_3&Prime; _builder_version=\u00a0\u00bb4.18.0&Prime; _module_preset=\u00a0\u00bbdefault\u00a0\u00bb global_colors_info=\u00a0\u00bb{}\u00a0\u00bb][et_pb_blurb title=\u00a0\u00bbBrooke Lehman &#8211; Pr\u00e9sident du conseil d&rsquo;administration\u00a0\u00bb image=\u00a0\u00bbhttp:\/\/fondationenfantjeunesse.org\/wp-content\/uploads\/brooke-lehman-1.jpg\u00a0\u00bb alt=\u00a0\u00bbLilian Dukes\u00a0\u00bb _builder_version=\u00a0\u00bb4.27.2&Prime; _module_preset=\u00a0\u00bbdefault\u00a0\u00bb header_text_align=\u00a0\u00bbcenter\u00a0\u00bb header_font_size=\u00a0\u00bb24px\u00a0\u00bb body_text_align=\u00a0\u00bbjustify\u00a0\u00bb border_radii_image=\u00a0\u00bbon|1000px|1000px|1000px|1000px\u00a0\u00bb box_shadow_style_image=\u00a0\u00bbpreset1&Prime; global_colors_info=\u00a0\u00bb{}\u00a0\u00bb]<\/p>\n<p><span>Brooke Lehmann est une assistante sociale clinique et une avocate d&rsquo;int\u00e9r\u00eat public dont l&rsquo;expertise professionnelle porte sur les domaines de la sant\u00e9, de l&rsquo;\u00e9ducation et de la protection de l&rsquo;enfance.<br \/>Mme Lehmann a pass\u00e9 deux d\u00e9cennies \u00e0 fournir des services cliniques directs et&#8230; <\/span><\/p>\n<p>[\/et_pb_blurb][et_pb_button button_url=\u00a0\u00bb#brooke\u00a0\u00bb button_text=\u00a0\u00bbLire la suite\u00a0\u00bb button_alignment=\u00a0\u00bbcenter\u00a0\u00bb _builder_version=\u00a0\u00bb4.27.0&Prime; _module_preset=\u00a0\u00bbdefault\u00a0\u00bb custom_button=\u00a0\u00bbon\u00a0\u00bb button_text_color=\u00a0\u00bb#FFFFFF\u00a0\u00bb button_bg_color=\u00a0\u00bb#000000&Prime; button_use_icon=\u00a0\u00bboff\u00a0\u00bb global_colors_info=\u00a0\u00bb{}\u00a0\u00bb][\/et_pb_button][\/et_pb_column][et_pb_column type=\u00a0\u00bb1_3&Prime; _builder_version=\u00a0\u00bb4.16&Prime; _module_preset=\u00a0\u00bbdefault\u00a0\u00bb global_colors_info=\u00a0\u00bb{}\u00a0\u00bb][et_pb_blurb title=\u00a0\u00bbPatrick Ingersoll &#8211; Tr\u00e9sorier\u00a0\u00bb image=\u00a0\u00bbhttp:\/\/fondationenfantjeunesse.org\/wp-content\/uploads\/patrick-ingersoll.jpg\u00a0\u00bb alt=\u00a0\u00bbLilian Dukes\u00a0\u00bb _builder_version=\u00a0\u00bb4.27.2&Prime; _module_preset=\u00a0\u00bbdefault\u00a0\u00bb header_text_align=\u00a0\u00bbcenter\u00a0\u00bb header_font_size=\u00a0\u00bb24px\u00a0\u00bb body_text_align=\u00a0\u00bbjustify\u00a0\u00bb border_radii_image=\u00a0\u00bbon|1000px|1000px|1000px|1000px\u00a0\u00bb box_shadow_style_image=\u00a0\u00bbpreset1&Prime; global_colors_info=\u00a0\u00bb{}\u00a0\u00bb]<\/p>\n<p>M. Ingersoll est n\u00e9 en Ha\u00efti et a \u00e9t\u00e9 adopt\u00e9 par l&rsquo;interm\u00e9diaire de la FEJ.<br \/>Il a d\u00e9m\u00e9nag\u00e9 dans le Minnesota en 2005, o\u00f9 il vit toujours, mais il a fait plusieurs voyages en Ha\u00efti depuis son adoption.<\/p>\n<p>Il est titulaire d&rsquo;une licence en finance et travaille dans le domaine de la pr\u00e9vention des fraudes pour une entreprise du groupe Fortune 500.<\/p>\n<p>Pendant son temps libre, il aime passer du temps avec sa famille et ses amis, jardiner, r\u00e9aliser divers projets de bricolage, n\u00e9gocier des produits d\u00e9riv\u00e9s et faire du b\u00e9n\u00e9volat.<\/p>\n<p>[\/et_pb_blurb][\/et_pb_column][et_pb_column type=\u00a0\u00bb1_3&Prime; _builder_version=\u00a0\u00bb4.23&Prime; _module_preset=\u00a0\u00bbdefault\u00a0\u00bb global_colors_info=\u00a0\u00bb{}\u00a0\u00bb][et_pb_blurb title=\u00a0\u00bbJerry Oetgen &#8211; Vice-pr\u00e9sident\u00a0\u00bb image=\u00a0\u00bbhttp:\/\/fondationenfantjeunesse.org\/wp-content\/uploads\/jerry-oetgen-headshot-1.jpg\u00a0\u00bb alt=\u00a0\u00bbLilian Dukes\u00a0\u00bb _builder_version=\u00a0\u00bb4.27.2&Prime; _module_preset=\u00a0\u00bbdefault\u00a0\u00bb header_text_align=\u00a0\u00bbcenter\u00a0\u00bb header_font_size=\u00a0\u00bb24px\u00a0\u00bb body_text_align=\u00a0\u00bbjustify\u00a0\u00bb border_radii_image=\u00a0\u00bbon|1000px|1000px|1000px|1000px\u00a0\u00bb box_shadow_style_image=\u00a0\u00bbpreset1&Prime; global_colors_info=\u00a0\u00bb{}\u00a0\u00bb]<\/p>\n<p><span>Diplomate am\u00e9ricain de haut rang \u00e0 la retraite et historien, Jerome Oetgen a r\u00e9cemment \u00e9t\u00e9 professeur \u00e0 l&rsquo;\u00c9cole des \u00e9tudes professionnelles et \u00e9largies de l&rsquo;American University, \u00e0 Washington, DC, ainsi qu&rsquo;historien&#8230; . <\/span><\/p>\n<p>[\/et_pb_blurb][et_pb_button button_url=\u00a0\u00bb#jerry\u00a0\u00bb button_text=\u00a0\u00bbLire la suite\u00a0\u00bb button_alignment=\u00a0\u00bbcenter\u00a0\u00bb _builder_version=\u00a0\u00bb4.27.0&Prime; _module_preset=\u00a0\u00bbdefault\u00a0\u00bb custom_button=\u00a0\u00bbon\u00a0\u00bb button_text_color=\u00a0\u00bb#FFFFFF\u00a0\u00bb button_bg_color=\u00a0\u00bb#000000&Prime; button_use_icon=\u00a0\u00bboff\u00a0\u00bb global_colors_info=\u00a0\u00bb{}\u00a0\u00bb][\/et_pb_button][\/et_pb_column][\/et_pb_row][et_pb_row column_structure=\u00a0\u00bb1_4,1_4,1_4,1_4&Prime; use_custom_gutter=\u00a0\u00bbon\u00a0\u00bb gutter_width=\u00a0\u00bb2&Prime; _builder_version=\u00a0\u00bb4.16&Prime; _module_preset=\u00a0\u00bbdefault\u00a0\u00bb global_colors_info=\u00a0\u00bb{}\u00a0\u00bb][et_pb_column type=\u00a0\u00bb1_4&Prime; _builder_version=\u00a0\u00bb4.22.2&Prime; _module_preset=\u00a0\u00bbdefault\u00a0\u00bb global_colors_info=\u00a0\u00bb{}\u00a0\u00bb][et_pb_blurb title=\u00a0\u00bbBrian Carlson &#8211; Directeur des op\u00e9rations aux \u00c9tats-Unis\u00a0\u00bb image=\u00a0\u00bbhttp:\/\/fondationenfantjeunesse.org\/wp-content\/uploads\/brian-carlson.jpg\u00a0\u00bb alt=\u00a0\u00bbLilian Dukes\u00a0\u00bb _builder_version=\u00a0\u00bb4.16&Prime; _module_preset=\u00a0\u00bbdefault\u00a0\u00bb header_text_align=\u00a0\u00bbcenter\u00a0\u00bb header_font_size=\u00a0\u00bb24px\u00a0\u00bb body_text_align=\u00a0\u00bbjustify\u00a0\u00bb border_radii_image=\u00a0\u00bbon|1000px|1000px|1000px|1000px\u00a0\u00bb box_shadow_style_image=\u00a0\u00bbpreset1&Prime; global_colors_info=\u00a0\u00bb{}\u00a0\u00bb]<\/p>\n<p><span>Brian aide \u00e0 recruter et \u00e0 coordonner les b\u00e9n\u00e9voles pour la FEJ depuis d\u00e9but 2012 et a commenc\u00e9 \u00e0 servir en tant que directeur des op\u00e9rations en ao\u00fbt 2015.<br \/>Son engagement aupr\u00e8s de la FEJ a commenc\u00e9&#8230;. <\/span><\/p>\n<p>[\/et_pb_blurb][et_pb_button button_url=\u00a0\u00bb#brian\u00a0\u00bb button_text=\u00a0\u00bbLire la suite\u00a0\u00bb button_alignment=\u00a0\u00bbcenter\u00a0\u00bb _builder_version=\u00a0\u00bb4.27.0&Prime; _module_preset=\u00a0\u00bbdefault\u00a0\u00bb custom_button=\u00a0\u00bbon\u00a0\u00bb button_text_color=\u00a0\u00bb#FFFFFF\u00a0\u00bb button_bg_color=\u00a0\u00bb#000000&Prime; button_use_icon=\u00a0\u00bboff\u00a0\u00bb global_colors_info=\u00a0\u00bb{}\u00a0\u00bb][\/et_pb_button][\/et_pb_column][et_pb_column type=\u00a0\u00bb1_4&Prime; _builder_version=\u00a0\u00bb4.16&Prime; _module_preset=\u00a0\u00bbdefault\u00a0\u00bb global_colors_info=\u00a0\u00bb{}\u00a0\u00bb][et_pb_blurb title=\u00a0\u00bbDavid Westveer &#8211; Membre\u00a0\u00bb image=\u00a0\u00bbhttp:\/\/fondationenfantjeunesse.org\/wp-content\/uploads\/davis-westverr.jpg\u00a0\u00bb alt=\u00a0\u00bbLilian Dukes\u00a0\u00bb _builder_version=\u00a0\u00bb4.16&Prime; _module_preset=\u00a0\u00bbdefault\u00a0\u00bb header_text_align=\u00a0\u00bbcenter\u00a0\u00bb header_font_size=\u00a0\u00bb24px\u00a0\u00bb body_text_align=\u00a0\u00bbjustify\u00a0\u00bb border_radii_image=\u00a0\u00bbon|1000px|1000px|1000px|1000px\u00a0\u00bb box_shadow_style_image=\u00a0\u00bbpreset1&Prime; global_colors_info=\u00a0\u00bb{}\u00a0\u00bb]David est devenu pilote priv\u00e9 certifi\u00e9 \u00e0 l&rsquo;\u00e2ge de 17 ans.<br \/>\nApr\u00e8s le lyc\u00e9e, il a suivi les cours de l&rsquo;universit\u00e9 a\u00e9ronautique Embry-Riddle et, \u00e0 l&rsquo;\u00e2ge de 20 ans, il avait accumul\u00e9 plus de 2 000 heures de vol dans le cockpit de plus de 10 avions diff\u00e9rents. [\/et_pb_blurb][et_pb_button button_url=\u00a0\u00bb#david\u00a0\u00bb button_text=\u00a0\u00bbLire la suite\u00a0\u00bb button_alignment=\u00a0\u00bbcenter\u00a0\u00bb _builder_version=\u00a0\u00bb4.27.0&Prime; _module_preset=\u00a0\u00bbdefault\u00a0\u00bb custom_button=\u00a0\u00bbon\u00a0\u00bb button_text_color=\u00a0\u00bb#FFFFFF\u00a0\u00bb button_bg_color=\u00a0\u00bb#000000&Prime; button_use_icon=\u00a0\u00bboff\u00a0\u00bb global_colors_info=\u00a0\u00bb{}\u00a0\u00bb][\/et_pb_button][\/et_pb_column][et_pb_column type=\u00a0\u00bb1_4&Prime; _builder_version=\u00a0\u00bb4.16&Prime; _module_preset=\u00a0\u00bbdefault\u00a0\u00bb global_colors_info=\u00a0\u00bb{}\u00a0\u00bb][et_pb_blurb title=\u00a0\u00bbJennifer Ash M.D. &#8211; Membre\u00a0\u00bb image=\u00a0\u00bbhttp:\/\/fondationenfantjeunesse.org\/wp-content\/uploads\/jennifer-ash.jpg\u00a0\u00bb alt=\u00a0\u00bbLilian Dukes\u00a0\u00bb _builder_version=\u00a0\u00bb4.16&Prime; _module_preset=\u00a0\u00bbdefault\u00a0\u00bb header_text_align=\u00a0\u00bbcenter\u00a0\u00bb header_font_size=\u00a0\u00bb24px\u00a0\u00bb body_text_align=\u00a0\u00bbjustify\u00a0\u00bb border_radii_image=\u00a0\u00bbon|1000px|1000px|1000px|1000px\u00a0\u00bb box_shadow_style_image=\u00a0\u00bbpreset1&Prime; global_colors_info=\u00a0\u00bb{}\u00a0\u00bb]<\/p>\n<p><span>Jennifer est chirurgienne vasculaire et travaille actuellement au Christie Clinic Vein &amp; Vascular Center \u00e0 Champaign-Urbana, dans l&rsquo;Illinois (o\u00f9 se trouve l&rsquo;universit\u00e9 de l&rsquo;Illinois).<br \/>Elle a obtenu son dipl\u00f4me de m\u00e9decine \u00e0 la Southern Illinois University School&#8230;<\/span><\/p>\n<p>[\/et_pb_blurb][et_pb_button button_url=\u00a0\u00bb#jennifer\u00a0\u00bb button_text=\u00a0\u00bbLire la suite\u00a0\u00bb button_alignment=\u00a0\u00bbcenter\u00a0\u00bb _builder_version=\u00a0\u00bb4.27.0&Prime; _module_preset=\u00a0\u00bbdefault\u00a0\u00bb custom_button=\u00a0\u00bbon\u00a0\u00bb button_text_color=\u00a0\u00bb#FFFFFF\u00a0\u00bb button_bg_color=\u00a0\u00bb#000000&Prime; button_use_icon=\u00a0\u00bboff\u00a0\u00bb global_colors_info=\u00a0\u00bb{}\u00a0\u00bb][\/et_pb_button][\/et_pb_column][et_pb_column type=\u00a0\u00bb1_4&Prime; _builder_version=\u00a0\u00bb4.16&Prime; _module_preset=\u00a0\u00bbdefault\u00a0\u00bb global_colors_info=\u00a0\u00bb{}\u00a0\u00bb][et_pb_blurb title=\u00a0\u00bbLillian Dukes &#8211; Membre\u00a0\u00bb image=\u00a0\u00bbhttp:\/\/fondationenfantjeunesse.org\/wp-content\/uploads\/l-dukes.jpg\u00a0\u00bb alt=\u00a0\u00bbLilian Dukes\u00a0\u00bb _builder_version=\u00a0\u00bb4.27.0&Prime; _module_preset=\u00a0\u00bbdefault\u00a0\u00bb header_text_align=\u00a0\u00bbcenter\u00a0\u00bb header_font_size=\u00a0\u00bb24px\u00a0\u00bb body_text_align=\u00a0\u00bbjustify\u00a0\u00bb border_radii_image=\u00a0\u00bbon|1000px|1000px|1000px|1000px\u00a0\u00bb box_shadow_style_image=\u00a0\u00bbpreset1&Prime; global_colors_info=\u00a0\u00bb{}\u00a0\u00bb]<\/p>\n<p>Lillian Dukes est une dirigeante chevronn\u00e9e qui poss\u00e8de plus de trente ans d&rsquo;exp\u00e9rience, notamment en tant que vice-pr\u00e9sidente principale des op\u00e9rations techniques chez Atlas Air.<br \/>Son parcours couvre les start-ups, les redressements et les organisations&#8230;<\/p>\n<p>[\/et_pb_blurb][et_pb_button button_url=\u00a0\u00bb#lilian\u00a0\u00bb button_text=\u00a0\u00bbLire la suite\u00a0\u00bb button_alignment=\u00a0\u00bbcenter\u00a0\u00bb _builder_version=\u00a0\u00bb4.27.0&Prime; _module_preset=\u00a0\u00bbdefault\u00a0\u00bb custom_button=\u00a0\u00bbon\u00a0\u00bb button_text_color=\u00a0\u00bb#FFFFFF\u00a0\u00bb button_bg_color=\u00a0\u00bb#000000&Prime; button_use_icon=\u00a0\u00bboff\u00a0\u00bb global_colors_info=\u00a0\u00bb{}\u00a0\u00bb][\/et_pb_button][\/et_pb_column][\/et_pb_row][et_pb_row column_structure=\u00a0\u00bb1_3,1_3,1_3&Prime; use_custom_gutter=\u00a0\u00bbon\u00a0\u00bb gutter_width=\u00a0\u00bb2&Prime; _builder_version=\u00a0\u00bb4.16&Prime; _module_preset=\u00a0\u00bbdefault\u00a0\u00bb global_colors_info=\u00a0\u00bb{}\u00a0\u00bb][et_pb_column type=\u00a0\u00bb1_3&Prime; _builder_version=\u00a0\u00bb4.16&Prime; _module_preset=\u00a0\u00bbdefault\u00a0\u00bb global_colors_info=\u00a0\u00bb{}\u00a0\u00bb][et_pb_blurb title=\u00a0\u00bbAndrew Girard &#8211; Membre\u00a0\u00bb image=\u00a0\u00bbhttp:\/\/fondationenfantjeunesse.org\/wp-content\/uploads\/andrew-g-1.jpg\u00a0\u00bb alt=\u00a0\u00bbLilian Dukes\u00a0\u00bb _builder_version=\u00a0\u00bb4.27.2&Prime; _module_preset=\u00a0\u00bbdefault\u00a0\u00bb header_text_align=\u00a0\u00bbcenter\u00a0\u00bb header_font_size=\u00a0\u00bb24px\u00a0\u00bb body_text_align=\u00a0\u00bbjustify\u00a0\u00bb border_radii_image=\u00a0\u00bbon|1000px|1000px|1000px|1000px\u00a0\u00bb box_shadow_style_image=\u00a0\u00bbpreset1&Prime; global_colors_info=\u00a0\u00bb{}\u00a0\u00bb]<\/p>\n<p><span>Andrew est l&rsquo;actionnaire principal du Girard Law Group, P.C., un cabinet d&rsquo;avocats situ\u00e9 \u00e0 Chicago, dans l&rsquo;Illinois.<br \/>Son cabinet conseille des centaines d&rsquo;entreprises \u00e0 but lucratif et non&#8230;<\/span><\/p>\n<p>[\/et_pb_blurb][et_pb_button button_url=\u00a0\u00bb#andrew\u00a0\u00bb button_text=\u00a0\u00bbLire la suite\u00a0\u00bb button_alignment=\u00a0\u00bbcenter\u00a0\u00bb _builder_version=\u00a0\u00bb4.27.0&Prime; _module_preset=\u00a0\u00bbdefault\u00a0\u00bb custom_button=\u00a0\u00bbon\u00a0\u00bb button_text_color=\u00a0\u00bb#FFFFFF\u00a0\u00bb button_bg_color=\u00a0\u00bb#000000&Prime; button_use_icon=\u00a0\u00bboff\u00a0\u00bb global_colors_info=\u00a0\u00bb{}\u00a0\u00bb][\/et_pb_button][\/et_pb_column][et_pb_column type=\u00a0\u00bb1_3&Prime; _builder_version=\u00a0\u00bb4.16&Prime; _module_preset=\u00a0\u00bbdefault\u00a0\u00bb global_colors_info=\u00a0\u00bb{}\u00a0\u00bb][et_pb_blurb title=\u00a0\u00bbMarcia Brown &#8211; Membre\u00a0\u00bb image=\u00a0\u00bbhttp:\/\/fondationenfantjeunesse.org\/wp-content\/uploads\/mb-headshot.jpg\u00a0\u00bb alt=\u00a0\u00bbLilian Dukes\u00a0\u00bb _builder_version=\u00a0\u00bb4.22.2&Prime; _module_preset=\u00a0\u00bbdefault\u00a0\u00bb header_text_align=\u00a0\u00bbcenter\u00a0\u00bb header_font_size=\u00a0\u00bb24px\u00a0\u00bb body_text_align=\u00a0\u00bbjustify\u00a0\u00bb border_radii_image=\u00a0\u00bbon|1000px|1000px|1000px|1000px\u00a0\u00bb box_shadow_style_image=\u00a0\u00bbpreset1&Prime; global_colors_info=\u00a0\u00bb{}\u00a0\u00bb]<\/p>\n<div class=\"t pg-1m0 pg-1x2 pg-1h4 pg-1y3 pg-1ff2 pg-1fs0 pg-1fc0 pg-1sc0 pg-1ls0 pg-1ws0\">Marcia<span class=\"_ pg-1_0\"><\/span> <span class=\"_ pg-1_0\"> <\/span>est<span class=\"_ pg-1_0\"> <\/span> <span class=\"_ pg-1_0\"> <\/span>a<span class=\"_ pg-1_0\"> <\/span> <span class=\"_ pg-1_0\"> <\/span>mondial<span class=\"_ pg-1_0\"> <\/span> <span class=\"_ pg-1_0\"> <\/span>ex\u00e9cutif,<span class=\"_ pg-1_0\"> <\/span> <span class=\"_ pg-1_0\"> <\/span>qui<span class=\"_ pg-1_0\"> <\/span> <span class=\"_ pg-1_1\"> <\/span>positions<span class=\"_ pg-1_0\"><\/span> <span class=\"_ pg-1_0\"> <\/span>organisations<span class=\"_\"> <\/span> <span class=\"_ pg-1_2\"><\/span>pour<span class=\"_ pg-1_0\"><\/span> <span class=\"_ pg-1_0\"> <\/span>succ\u00e8s<span class=\"_ pg-1_0\"> <\/span> <span class=\"_ pg-1_0\"> <\/span>avec<span class=\"_ pg-1_0\"> <\/span> <span class=\"_ pg-1_0\"> <\/span>efficace<span class=\"_ pg-1_0\"> <\/span> <span class=\"_ pg-1_0\"> <\/span>et<span class=\"_ pg-1_0\"> <\/span> <span class=\"_ pg-1_0\"> <\/span><span style=\"font-size: 20px;\">une strat\u00e9gie commerciale <\/span> innovante <span style=\"font-size: 20px;\">et un leadership tactique en mati\u00e8re de marketing. <\/span> <span class=\"_ pg-1_2\" style=\"font-size: 20px;\"><\/span><span style=\"font-size: 20px;\">Elle est&#8230;<\/span><\/div>\n<p>[\/et_pb_blurb][et_pb_button button_url=\u00a0\u00bb#marcia\u00a0\u00bb button_text=\u00a0\u00bbLire la suite\u00a0\u00bb button_alignment=\u00a0\u00bbcenter\u00a0\u00bb _builder_version=\u00a0\u00bb4.27.0&Prime; _module_preset=\u00a0\u00bbdefault\u00a0\u00bb custom_button=\u00a0\u00bbon\u00a0\u00bb button_text_color=\u00a0\u00bb#FFFFFF\u00a0\u00bb button_bg_color=\u00a0\u00bb#000000&Prime; button_use_icon=\u00a0\u00bboff\u00a0\u00bb global_colors_info=\u00a0\u00bb{}\u00a0\u00bb][\/et_pb_button][\/et_pb_column][et_pb_column type=\u00a0\u00bb1_3&Prime; _builder_version=\u00a0\u00bb4.22.2&Prime; _module_preset=\u00a0\u00bbdefault\u00a0\u00bb global_colors_info=\u00a0\u00bb{}\u00a0\u00bb][et_pb_blurb title=\u00a0\u00bbLisa Torres &#8211; Membre\u00a0\u00bb image=\u00a0\u00bbhttp:\/\/fondationenfantjeunesse.org\/wp-content\/uploads\/lisa-torres-headshot.png\u00a0\u00bb alt=\u00a0\u00bbLilian Dukes\u00a0\u00bb _builder_version=\u00a0\u00bb4.22.2&Prime; _module_preset=\u00a0\u00bbdefault\u00a0\u00bb header_text_align=\u00a0\u00bbcenter\u00a0\u00bb header_font_size=\u00a0\u00bb24px\u00a0\u00bb body_text_align=\u00a0\u00bbjustify\u00a0\u00bb border_radii_image=\u00a0\u00bbon|1000px|1000px|1000px|1000px\u00a0\u00bb box_shadow_style_image=\u00a0\u00bbpreset1&Prime; global_colors_info=\u00a0\u00bb{}\u00a0\u00bb]<\/p>\n<p>Mme Torres est un coach ex\u00e9cutif pour les organisations \u00e0 but non lucratif en pleine croissance, aidant leur personnel \u00e0 servir avec excellence.<br \/>Elle a plus de vingt ans&#8230;<\/p>\n<p>[\/et_pb_blurb][et_pb_button button_url=\u00a0\u00bb#lisa\u00a0\u00bb button_text=\u00a0\u00bbLire la suite\u00a0\u00bb button_alignment=\u00a0\u00bbcenter\u00a0\u00bb _builder_version=\u00a0\u00bb4.27.0&Prime; _module_preset=\u00a0\u00bbdefault\u00a0\u00bb custom_button=\u00a0\u00bbon\u00a0\u00bb button_text_color=\u00a0\u00bb#FFFFFF\u00a0\u00bb button_bg_color=\u00a0\u00bb#000000&Prime; button_use_icon=\u00a0\u00bboff\u00a0\u00bb global_colors_info=\u00a0\u00bb{}\u00a0\u00bb][\/et_pb_button][\/et_pb_column][\/et_pb_row][\/et_pb_section][et_pb_section fb_built=\u00a0\u00bb1&Prime; admin_label=\u00a0\u00bbSection\u00a0\u00bb module_id=\u00a0\u00bbhonorary\u00a0\u00bb _builder_version=\u00a0\u00bb4.16&Prime; _module_preset=\u00a0\u00bbdefault\u00a0\u00bb da_popup_slug=\u00a0\u00bbhonorary\u00a0\u00bb da_disable_devices=\u00a0\u00bboff|off|off\u00a0\u00bb global_colors_info=\u00a0\u00bb{}\u00a0\u00bb da_is_popup=\u00a0\u00bboff\u00a0\u00bb da_exit_intent=\u00a0\u00bboff\u00a0\u00bb da_has_close=\u00a0\u00bbon\u00a0\u00bb da_alt_close=\u00a0\u00bboff\u00a0\u00bb da_dark_close=\u00a0\u00bboff\u00a0\u00bb da_not_modal=\u00a0\u00bbon\u00a0\u00bb da_is_singular=\u00a0\u00bboff\u00a0\u00bb da_with_loader=\u00a0\u00bboff\u00a0\u00bb da_has_shadow=\u00a0\u00bbon\u00a0\u00bb][et_pb_row _builder_version=\u00a0\u00bb4.16&Prime; _module_preset=\u00a0\u00bbdefault\u00a0\u00bb locked=\u00a0\u00bboff\u00a0\u00bb global_colors_info=\u00a0\u00bb{}\u00a0\u00bb][et_pb_column type=\u00a0\u00bb4_4&Prime; _builder_version=\u00a0\u00bb4.16&Prime; _module_preset=\u00a0\u00bbdefault\u00a0\u00bb global_colors_info=\u00a0\u00bb{}\u00a0\u00bb][et_pb_text _builder_version=\u00a0\u00bb4.27.0&Prime; _module_preset=\u00a0\u00bbdefault\u00a0\u00bb text_font=\u00a0\u00bb|700|||||||\u00a0\u00bb text_orientation=\u00a0\u00bbcenter\u00a0\u00bb global_colors_info=\u00a0\u00bb{}\u00a0\u00bb]<\/p>\n<p>CONSEIL D&rsquo;ADMINISTRATION HONORAIRE<\/p>\n<p>[\/et_pb_text][\/et_pb_column][\/et_pb_row][et_pb_row column_structure=\u00a0\u00bb1_3,1_3,1_3&Prime; use_custom_gutter=\u00a0\u00bbon\u00a0\u00bb gutter_width=\u00a0\u00bb2&Prime; _builder_version=\u00a0\u00bb4.16&Prime; _module_preset=\u00a0\u00bbdefault\u00a0\u00bb locked=\u00a0\u00bboff\u00a0\u00bb global_colors_info=\u00a0\u00bb{}\u00a0\u00bb][et_pb_column type=\u00a0\u00bb1_3&Prime; _builder_version=\u00a0\u00bb4.16&Prime; _module_preset=\u00a0\u00bbdefault\u00a0\u00bb global_colors_info=\u00a0\u00bb{}\u00a0\u00bb][et_pb_blurb title=\u00a0\u00bbJon Robertson\u00a0\u00bb image=\u00a0\u00bbhttp:\/\/fondationenfantjeunesse.org\/wp-content\/uploads\/1723403231680blob.png\u00a0\u00bb alt=\u00a0\u00bbJon Robertson\u00a0\u00bb _builder_version=\u00a0\u00bb4.27.2&Prime; _module_preset=\u00a0\u00bbdefault\u00a0\u00bb header_text_align=\u00a0\u00bbcenter\u00a0\u00bb header_font_size=\u00a0\u00bb24px\u00a0\u00bb body_text_align=\u00a0\u00bbjustify\u00a0\u00bb border_radii_image=\u00a0\u00bbon|1000px|1000px|1000px|1000px\u00a0\u00bb box_shadow_style_image=\u00a0\u00bbpreset1&Prime; global_colors_info=\u00a0\u00bb{}\u00a0\u00bb]<\/p>\n<p>Jon Robertson est actuellement le doyen du Lynn University Conservatory of Music \u00e0 Boca Raton, en Floride (anciennement The Harid Conservatory).<br \/>Outre ses fonctions de chef d&rsquo;orchestre et de directeur musical de l&rsquo;orchestre symphonique de Redlands, Jon Robertson continue de diriger des orchestres en tant qu&rsquo;invit\u00e9 au niveau national et international.<br \/>Parall\u00e8lement \u00e0 ses activit\u00e9s professionnelles et universitaires, M. Robertson aime \u00e9crire et \u00e9tudier la th\u00e9ologie. Il est \u00e9galement sollicit\u00e9 en tant que consultant, conf\u00e9rencier et orateur motivant.<br \/>Lui et sa femme Florence sont impliqu\u00e9s dans la FEJ-USA depuis sa cr\u00e9ation.<\/p>\n<p>[\/et_pb_blurb][\/et_pb_column][et_pb_column type=\u00a0\u00bb1_3&Prime; _builder_version=\u00a0\u00bb4.16&Prime; _module_preset=\u00a0\u00bbdefault\u00a0\u00bb global_colors_info=\u00a0\u00bb{}\u00a0\u00bb][et_pb_blurb title=\u00a0\u00bbChantal Moise\u00a0\u00bb image=\u00a0\u00bbhttp:\/\/fondationenfantjeunesse.org\/wp-content\/uploads\/chantal-m-1.jpg\u00a0\u00bb alt=\u00a0\u00bbLilian Dukes\u00a0\u00bb _builder_version=\u00a0\u00bb4.27.2&Prime; _module_preset=\u00a0\u00bbdefault\u00a0\u00bb header_text_align=\u00a0\u00bbcenter\u00a0\u00bb header_font_size=\u00a0\u00bb24px\u00a0\u00bb body_text_align=\u00a0\u00bbjustify\u00a0\u00bb border_radii_image=\u00a0\u00bbon|1000px|1000px|1000px|1000px\u00a0\u00bb box_shadow_style_image=\u00a0\u00bbpreset1&Prime; global_colors_info=\u00a0\u00bb{}\u00a0\u00bb]<\/p>\n<p class=\"\">Chantal aide Lucienne Duncan dans ses activit\u00e9s caritatives \u00e0 Lamardelle depuis 1975. D&rsquo;abord avec la petite \u00e9cole (3 des 4 classes pour 20 enfants), puis en construisant l&rsquo;\u00e9glise de l&rsquo;Enfant J\u00e9sus.<br \/>Elle est partie aux Etats-Unis et a \u00e9t\u00e9 membre du conseil d&rsquo;administration de FEJ-USA (anciennement VVHF) de 2007 \u00e0 2017.<\/p>\n<p class=\"\">Elle est administratrice des services EZtron \u00e0 Miami, FL. Elle est assistante de direction pour Royal Caribbean Cruise Lines et membre du conseil d&rsquo;administration de 4C (Caribbean Canadian Chemical Co), un fabricant et d\u00e9taillant de produits pharmaceutiques \u00e0 Port-au-Prince, en Ha\u00efti.<\/p>\n<p>[\/et_pb_blurb][\/et_pb_column][et_pb_column type=\u00a0\u00bb1_3&Prime; _builder_version=\u00a0\u00bb4.16&Prime; _module_preset=\u00a0\u00bbdefault\u00a0\u00bb global_colors_info=\u00a0\u00bb{}\u00a0\u00bb][et_pb_blurb title=\u00a0\u00bbBarbara Bush\u00a0\u00bb image=\u00a0\u00bbhttp:\/\/fondationenfantjeunesse.org\/wp-content\/uploads\/1723402628621blob.jpg\u00a0\u00bb alt=\u00a0\u00bbLilian Dukes\u00a0\u00bb _builder_version=\u00a0\u00bb4.27.2&Prime; _module_preset=\u00a0\u00bbdefault\u00a0\u00bb header_text_align=\u00a0\u00bbcenter\u00a0\u00bb header_font_size=\u00a0\u00bb24px\u00a0\u00bb body_text_align=\u00a0\u00bbjustify\u00a0\u00bb border_radii_image=\u00a0\u00bbon|1000px|1000px|1000px|1000px\u00a0\u00bb box_shadow_style_image=\u00a0\u00bbpreset1&Prime; global_colors_info=\u00a0\u00bb{}\u00a0\u00bb]<\/p>\n<p><span>Barbara Bush \u00e9tait une professionnelle de la gestion des affaires et des op\u00e9rations, avec 30 ans d&rsquo;exp\u00e9rience dans des entreprises du Fortune 500.<br \/>En plus de sa carri\u00e8re dans l&rsquo;entreprise, elle a occup\u00e9 des postes de direction dans des organisations professionnelles et communautaires pendant de nombreuses ann\u00e9es, soulignant son fort engagement en faveur de l&rsquo;\u00e9ducation tout au long de la vie.<br \/><\/span><\/p>\n<p><span>Mme Bush s&rsquo;est fortement impliqu\u00e9e dans la FEJ-USA de 2010 jusqu&rsquo;\u00e0 son d\u00e9c\u00e8s en 2022. <\/span><\/p>\n<p>[\/et_pb_blurb][\/et_pb_column][\/et_pb_row][et_pb_row _builder_version=\u00a0\u00bb4.16&Prime; _module_preset=\u00a0\u00bbdefault\u00a0\u00bb locked=\u00a0\u00bboff\u00a0\u00bb global_colors_info=\u00a0\u00bb{}\u00a0\u00bb][et_pb_column type=\u00a0\u00bb4_4&Prime; _builder_version=\u00a0\u00bb4.16&Prime; _module_preset=\u00a0\u00bbdefault\u00a0\u00bb global_colors_info=\u00a0\u00bb{}\u00a0\u00bb][et_pb_text _builder_version=\u00a0\u00bb4.16&Prime; _module_preset=\u00a0\u00bbdefault\u00a0\u00bb global_colors_info=\u00a0\u00bb{}\u00a0\u00bb]<\/p>\n<p><strong>Autres membres :<\/strong><\/p>\n<p><b>Henrietta Moore <\/b>Membre fondateur de la VVHF, Henrietta a jou\u00e9 un r\u00f4le cl\u00e9 dans le succ\u00e8s de la FEJ et de la FEJ-USA.<\/p>\n<p>[\/et_pb_text][\/et_pb_column][\/et_pb_row][\/et_pb_section][et_pb_section fb_built=\u00a0\u00bb1&Prime; admin_label=\u00a0\u00bbPopup &#8211; #stephanie\u00a0\u00bb module_id=\u00a0\u00bbstephanie\u00a0\u00bb module_class=\u00a0\u00bbpopup\u00a0\u00bb _builder_version=\u00a0\u00bb4.27.2&Prime; _module_preset=\u00a0\u00bbdefault\u00a0\u00bb hover_enabled=\u00a0\u00bb0&Prime; da_is_popup=\u00a0\u00bbon\u00a0\u00bb da_popup_slug=\u00a0\u00bbstephanie\u00a0\u00bb da_disable_devices=\u00a0\u00bboff|off|off\u00a0\u00bb global_colors_info=\u00a0\u00bb{}\u00a0\u00bb sticky_enabled=\u00a0\u00bb0&Prime; da_exit_intent=\u00a0\u00bboff\u00a0\u00bb da_has_close=\u00a0\u00bbon\u00a0\u00bb da_alt_close=\u00a0\u00bboff\u00a0\u00bb da_dark_close=\u00a0\u00bboff\u00a0\u00bb da_not_modal=\u00a0\u00bbon\u00a0\u00bb da_is_singular=\u00a0\u00bboff\u00a0\u00bb da_with_loader=\u00a0\u00bboff\u00a0\u00bb da_has_shadow=\u00a0\u00bbon\u00a0\u00bb][et_pb_row column_structure=\u00a0\u00bb2_5,3_5&Prime; _builder_version=\u00a0\u00bb4.16&Prime; _module_preset=\u00a0\u00bbdefault\u00a0\u00bb global_colors_info=\u00a0\u00bb{}\u00a0\u00bb][et_pb_column type=\u00a0\u00bb2_5&Prime; _builder_version=\u00a0\u00bb4.16&Prime; _module_preset=\u00a0\u00bbdefault\u00a0\u00bb global_colors_info=\u00a0\u00bb{}\u00a0\u00bb][et_pb_image src=\u00a0\u00bbhttp:\/\/fondationenfantjeunesse.org\/wp-content\/uploads\/stephanie-mesidor.jpg\u00a0\u00bb alt=\u00a0\u00bbStephanie Mesidor Saint-Surin\u00a0\u00bb title_text=\u00a0\u00bbStephanie Mesidor Saint-Surin\u00a0\u00bb align=\u00a0\u00bbcenter\u00a0\u00bb _builder_version=\u00a0\u00bb4.27.2&Prime; _module_preset=\u00a0\u00bbdefault\u00a0\u00bb hover_enabled=\u00a0\u00bb0&Prime; border_radii=\u00a0\u00bbon|1000px|1000px|1000px|1000px\u00a0\u00bb box_shadow_style=\u00a0\u00bbpreset1&Prime; global_colors_info=\u00a0\u00bb{}\u00a0\u00bb sticky_enabled=\u00a0\u00bb0&Prime;][\/et_pb_image][et_pb_text _builder_version=\u00a0\u00bb4.27.2&Prime; _module_preset=\u00a0\u00bbdefault\u00a0\u00bb header_text_align=\u00a0\u00bbcenter\u00a0\u00bb header_2_text_align=\u00a0\u00bbcenter\u00a0\u00bb hover_enabled=\u00a0\u00bb0&Prime; global_colors_info=\u00a0\u00bb{}\u00a0\u00bb sticky_enabled=\u00a0\u00bb0&Prime;]<\/p>\n<h2>Stephanie Mesidor Saint-Surin<\/h2>\n<p>[\/et_pb_text][\/et_pb_column][et_pb_column type=\u00a0\u00bb3_5&Prime; _builder_version=\u00a0\u00bb4.16&Prime; _module_preset=\u00a0\u00bbdefault\u00a0\u00bb global_colors_info=\u00a0\u00bb{}\u00a0\u00bb][et_pb_text _builder_version=\u00a0\u00bb4.27.2&Prime; _module_preset=\u00a0\u00bbdefault\u00a0\u00bb global_colors_info=\u00a0\u00bb{}\u00a0\u00bb]<\/p>\n<p>Stephanie Mesidor Saint-Surin est une professionnelle dynamique, titulaire d&rsquo;un baccalaur\u00e9at en Sciences Comptables, avec une vaste exp\u00e9rience en comptabilit\u00e9, administration et gestion des ressources humaines. Forte d&rsquo;un parcours reconnu en leadership financier, Stephanie a constamment obtenu des r\u00e9sultats dans divers r\u00f4les au sein d&rsquo;organisation \u00e0 but non lucratif et du secteur priv\u00e9. Elle est passionn\u00e9e par l&rsquo;utilisation de ses comp\u00e9tences pour am\u00e9liorer l&rsquo;efficacit\u00e9 organisationnelle et soutenir des projets ax\u00e9s sur la mission, en particulier dans les secteurs qui se concentrent sur le d\u00e9veloppement social et l&rsquo;autonomisation.<\/p>\n<p><strong>Profil professionnel<\/strong><\/p>\n<p>Avec plus de 15 ans d&rsquo;exp\u00e9rience en comptabilit\u00e9 et en administration, St\u00e9phanie a d\u00e9montr\u00e9 une comp\u00e9tence exceptionnelle dans la supervision des op\u00e9rations financi\u00e8res, la gestion des ressources humaines, et l&rsquo;assurance du respect des r\u00e9glementations financi\u00e8res et juridiques. Son parcours professionnel a \u00e9t\u00e9 marqu\u00e9 par une approche strat\u00e9gique \u00e0 la r\u00e9solution de probl\u00e8mes, sa capacit\u00e9 \u00e0 g\u00e9rer plusieurs projets simultan\u00e9ment et son engagement \u00e0 favoriser la collaboration au sein des \u00e9quipes. La ma\u00eetrise trilingue de St\u00e9phanie en fran\u00e7ais, anglais et cr\u00e9ole, combin\u00e9e \u00e0 son souci m\u00e9ticuleux du d\u00e9tail, lui permet de naviguer avec confiance dans des environnements vari\u00e9s.<\/p>\n<p><strong>Comp\u00e9tences cl\u00e9s <\/strong><\/p>\n<p><strong>&#8211; Comptabilit\u00e9 et rapports financiers :<\/strong> Expertise dans la pr\u00e9paration de rapports financiers, la gestion de budgets et le respect des exigences des donateurs et de l&rsquo;organisation.\u00a0<\/p>\n<p><strong>&#8211; Gestion des ressources humaines :<\/strong> Exp\u00e9rience dans le recrutement, la formation et la gestion du personnel, avec un accent sur le d\u00e9veloppement des \u00e9quipes et l&rsquo;excellence op\u00e9rationnelle.\u00a0<\/p>\n<p><strong>&#8211; Gestion de projets:<\/strong> Comp\u00e9tence dans la coordination de projets \u00e0 grande \u00e9chelle, allant de la logistique \u00e0 la documentation financi\u00e8re et aux rapports.\u00a0<\/p>\n<p><strong>&#8211; Planification strat\u00e9gique :<\/strong> Capacit\u00e9 \u00e9prouv\u00e9e \u00e0 contribuer au d\u00e9veloppement de strat\u00e9gies financi\u00e8res et \u00e0 la croissance organisationnelle.\u00a0<\/p>\n<p><strong>&#8211; Leadership b\u00e9n\u00e9vole :<\/strong> Engag\u00e9e dans le service communautaire, avec une exp\u00e9rience dans la formation de personnes en gestion logistique et le conseil administratif.<\/p>\n<p>[\/et_pb_text][\/et_pb_column][\/et_pb_row][\/et_pb_section][et_pb_section fb_built=\u00a0\u00bb1&Prime; admin_label=\u00a0\u00bbPopup &#8211; #gihane\u00a0\u00bb module_id=\u00a0\u00bbgihane\u00a0\u00bb module_class=\u00a0\u00bbpopup\u00a0\u00bb _builder_version=\u00a0\u00bb4.27.2&Prime; _module_preset=\u00a0\u00bbdefault\u00a0\u00bb da_is_popup=\u00a0\u00bbon\u00a0\u00bb da_popup_slug=\u00a0\u00bbgihane\u00a0\u00bb da_disable_devices=\u00a0\u00bboff|off|off\u00a0\u00bb global_colors_info=\u00a0\u00bb{}\u00a0\u00bb da_exit_intent=\u00a0\u00bboff\u00a0\u00bb da_has_close=\u00a0\u00bbon\u00a0\u00bb da_alt_close=\u00a0\u00bboff\u00a0\u00bb da_dark_close=\u00a0\u00bboff\u00a0\u00bb da_not_modal=\u00a0\u00bbon\u00a0\u00bb da_is_singular=\u00a0\u00bboff\u00a0\u00bb da_with_loader=\u00a0\u00bboff\u00a0\u00bb da_has_shadow=\u00a0\u00bbon\u00a0\u00bb][et_pb_row column_structure=\u00a0\u00bb2_5,3_5&Prime; _builder_version=\u00a0\u00bb4.16&Prime; _module_preset=\u00a0\u00bbdefault\u00a0\u00bb global_colors_info=\u00a0\u00bb{}\u00a0\u00bb][et_pb_column type=\u00a0\u00bb2_5&Prime; _builder_version=\u00a0\u00bb4.16&Prime; _module_preset=\u00a0\u00bbdefault\u00a0\u00bb global_colors_info=\u00a0\u00bb{}\u00a0\u00bb][et_pb_image src=\u00a0\u00bbhttp:\/\/fondationenfantjeunesse.org\/wp-content\/uploads\/PHOTO-2024-10-04-20-55-13.jpg\u00a0\u00bb alt=\u00a0\u00bbGihane Dejoie Mathurin\u00a0\u00bb title_text=\u00a0\u00bbPHOTO-2024-10-04-20-55-13&Prime; align=\u00a0\u00bbcenter\u00a0\u00bb _builder_version=\u00a0\u00bb4.27.2&Prime; _module_preset=\u00a0\u00bbdefault\u00a0\u00bb border_radii=\u00a0\u00bbon|1000px|1000px|1000px|1000px\u00a0\u00bb box_shadow_style=\u00a0\u00bbpreset1&Prime; global_colors_info=\u00a0\u00bb{}\u00a0\u00bb][\/et_pb_image][et_pb_text _builder_version=\u00a0\u00bb4.27.2&Prime; _module_preset=\u00a0\u00bbdefault\u00a0\u00bb header_text_align=\u00a0\u00bbcenter\u00a0\u00bb header_2_text_align=\u00a0\u00bbcenter\u00a0\u00bb global_colors_info=\u00a0\u00bb{}\u00a0\u00bb]<\/p>\n<h2>Gihane Dejoie Mathurin<\/h2>\n<p>[\/et_pb_text][\/et_pb_column][et_pb_column type=\u00a0\u00bb3_5&Prime; _builder_version=\u00a0\u00bb4.16&Prime; _module_preset=\u00a0\u00bbdefault\u00a0\u00bb global_colors_info=\u00a0\u00bb{}\u00a0\u00bb][et_pb_text _builder_version=\u00a0\u00bb4.27.2&Prime; _module_preset=\u00a0\u00bbdefault\u00a0\u00bb global_colors_info=\u00a0\u00bb{}\u00a0\u00bb]<\/p>\n<p>Je suis Gihane Dejoie Mathurin, actuellement Vice-Pr\u00e9sidente de l&rsquo;Association Ha\u00eftienne de Psychologie (AHPSY). D\u00e9tentrice d\u2019une licence en Psychologie de l&rsquo;Universit\u00e9 Cat\u00f3lica Madre y Maestra (PUCMM), R\u00e9publique Dominicaine, ou j\u2019ai fait une sp\u00e9cialisation en Psychologie de l&rsquo;Enfant, en Education et en Th\u00e9rapie par le jeu apr\u00e8s une formation re\u00e7ue de Instituto Tecnol\u00f3gico Madrid, Espagne. \u00c9galement Technicienne Sp\u00e9cialis\u00e9e en manipulation, soins et Psychomotricit\u00e9, Stimulation Pr\u00e9coce sur les b\u00e9b\u00e9s et sur les enfants de Angele Dei et Institute MasterMind, et en Neuropsychologie Infantile du Centro de Capacitaci\u00f3n Neuropsicolog\u00eda, R\u00e9publique Dominicaine. Je poursuis actuellement une double ma\u00eetrise en difficult\u00e9 d&rsquo;apprentissage, en education speciale et en th\u00e9rapie psychop\u00e9dagogique a l&rsquo;Universit\u00e9 ISEP, Barcelone, Es<\/p>\n<p>[\/et_pb_text][\/et_pb_column][\/et_pb_row][\/et_pb_section][et_pb_section fb_built=\u00a0\u00bb1&Prime; admin_label=\u00a0\u00bbPopup &#8211; #alexandre\u00a0\u00bb module_id=\u00a0\u00bbalexandre\u00a0\u00bb module_class=\u00a0\u00bbpopup\u00a0\u00bb _builder_version=\u00a0\u00bb4.27.2&Prime; _module_preset=\u00a0\u00bbdefault\u00a0\u00bb da_is_popup=\u00a0\u00bbon\u00a0\u00bb da_popup_slug=\u00a0\u00bbalexandre\u00a0\u00bb da_disable_devices=\u00a0\u00bboff|off|off\u00a0\u00bb global_colors_info=\u00a0\u00bb{}\u00a0\u00bb da_exit_intent=\u00a0\u00bboff\u00a0\u00bb da_has_close=\u00a0\u00bbon\u00a0\u00bb da_alt_close=\u00a0\u00bboff\u00a0\u00bb da_dark_close=\u00a0\u00bboff\u00a0\u00bb da_not_modal=\u00a0\u00bbon\u00a0\u00bb da_is_singular=\u00a0\u00bboff\u00a0\u00bb da_with_loader=\u00a0\u00bboff\u00a0\u00bb da_has_shadow=\u00a0\u00bbon\u00a0\u00bb][et_pb_row column_structure=\u00a0\u00bb2_5,3_5&Prime; _builder_version=\u00a0\u00bb4.16&Prime; _module_preset=\u00a0\u00bbdefault\u00a0\u00bb global_colors_info=\u00a0\u00bb{}\u00a0\u00bb][et_pb_column type=\u00a0\u00bb2_5&Prime; _builder_version=\u00a0\u00bb4.16&Prime; _module_preset=\u00a0\u00bbdefault\u00a0\u00bb global_colors_info=\u00a0\u00bb{}\u00a0\u00bb][et_pb_image src=\u00a0\u00bbhttp:\/\/fondationenfantjeunesse.org\/wp-content\/uploads\/a-vieux.jpg\u00a0\u00bb title_text=\u00a0\u00bba-vieux\u00a0\u00bb align=\u00a0\u00bbcenter\u00a0\u00bb _builder_version=\u00a0\u00bb4.27.2&Prime; _module_preset=\u00a0\u00bbdefault\u00a0\u00bb border_radii=\u00a0\u00bbon|1000px|1000px|1000px|1000px\u00a0\u00bb box_shadow_style=\u00a0\u00bbpreset1&Prime; global_colors_info=\u00a0\u00bb{}\u00a0\u00bb][\/et_pb_image][et_pb_text _builder_version=\u00a0\u00bb4.27.2&Prime; _module_preset=\u00a0\u00bbdefault\u00a0\u00bb header_text_align=\u00a0\u00bbcenter\u00a0\u00bb header_2_text_align=\u00a0\u00bbcenter\u00a0\u00bb global_colors_info=\u00a0\u00bb{}\u00a0\u00bb]<\/p>\n<h2>Alexandre Patrick Vieux<br \/>\nVice-Pr\u00e9sident \u2013 Directeur G\u00e9n\u00e9ral Adjoint<\/h2>\n<p>[\/et_pb_text][\/et_pb_column][et_pb_column type=\u00a0\u00bb3_5&Prime; _builder_version=\u00a0\u00bb4.16&Prime; _module_preset=\u00a0\u00bbdefault\u00a0\u00bb global_colors_info=\u00a0\u00bb{}\u00a0\u00bb][et_pb_text _builder_version=\u00a0\u00bb4.27.2&Prime; _module_preset=\u00a0\u00bbdefault\u00a0\u00bb global_colors_info=\u00a0\u00bb{}\u00a0\u00bb]<\/p>\n<h2><span style=\"font-size: 20px; color: #000000; font-family: 'Andika New Basic', sans-serif;\">Alexandre Patrick Vieux est un leader visionnaire et successeur de troisi\u00e8me g\u00e9n\u00e9ration dans l&rsquo;entreprise distingu\u00e9e de sa famille, l&rsquo;\u00c9tablissement Berthony Vieux, sp\u00e9cialis\u00e9 dans le secteur alimentaire en Ha\u00efti. Titulaire d&rsquo;un baccalaur\u00e9at en administration des affaires de l&rsquo;Universit\u00e9 de Montr\u00e9al, Alexandre allie expertise acad\u00e9mique et h\u00e9ritage familial profond\u00e9ment enracin\u00e9 pour guider l&rsquo;entreprise vers un succ\u00e8s et une innovation continus.<\/span><\/h2>\n<p>En tant que Vice-Pr\u00e9sident et Directeur G\u00e9n\u00e9ral Adjoint, Alexandre dirige les initiatives strat\u00e9giques de croissance et les op\u00e9rations, d\u00e9montrant un engagement ind\u00e9fectible \u00e0 faire progresser l&rsquo;industrie alimentaire et \u00e0 soutenir le d\u00e9veloppement durable en Ha\u00efti. Son leadership est marqu\u00e9 par sa nature dynamique et compatissante, construisant sans effort des relations significatives qui inspirent la collaboration et l&rsquo;unit\u00e9 au sein de l&rsquo;entreprise et de la communaut\u00e9.<\/p>\n<p>Le charisme d&rsquo;Alexandre et sa capacit\u00e9 \u00e0 engager des personnes de tous horizons ont fait de lui une figure tr\u00e8s respect\u00e9e tant dans les cercles professionnels que sociaux. Son implication proactive dans le d\u00e9veloppement communautaire refl\u00e8te sa profonde passion pour Ha\u00efti et son peuple, que ce soit par le biais de ses efforts commerciaux ou de son travail b\u00e9n\u00e9vole de longue date avec la Fondation Enfant Jeunesse (FEJ-Ha\u00efti). Ayant \u00e9t\u00e9 activement impliqu\u00e9 avec la FEJ d\u00e8s son jeune \u00e2ge, Alexandre a d\u00e9velopp\u00e9 une connexion profonde avec la mission de l&rsquo;organisation, acqu\u00e9rant une exp\u00e9rience de premi\u00e8re main de ses op\u00e9rations et de ses d\u00e9fis. Son travail b\u00e9n\u00e9vole pr\u00e9coce a contribu\u00e9 \u00e0 fa\u00e7onner ses valeurs d&rsquo;humilit\u00e9, d&#8217;empathie et de service\u2014des qualit\u00e9s qui continuent de le guider aujourd&rsquo;hui dans son r\u00f4le de leader.<\/p>\n<p>L&rsquo;approche d&rsquo;Alexandre en mati\u00e8re de leadership est centr\u00e9e sur la compassion, la vision et l&rsquo;action. Il est profond\u00e9ment engag\u00e9 \u00e0 provoquer des changements positifs, tant par le biais de son entreprise que de ses efforts communautaires, en autonomisant les gens et en favorisant la croissance \u00e9conomique en Ha\u00efti. Sa connexion personnelle \u00e0 son pays et son d\u00e9vouement \u00e0 l&rsquo;impact social font de lui une force influente pour faire progresser non seulement l&rsquo;entreprise familiale mais aussi la soci\u00e9t\u00e9 ha\u00eftienne dans son ensemble.<\/p>\n<p>Alliant un solide sens des affaires, un engagement sinc\u00e8re envers le progr\u00e8s social et une vision avant-gardiste, Alexandre Patrick Vieux se distingue comme un leader exceptionnel d\u00e9di\u00e9 \u00e0 cr\u00e9er un avenir plus radieux et prosp\u00e8re pour Ha\u00efti.<\/p>\n<p>[\/et_pb_text][\/et_pb_column][\/et_pb_row][\/et_pb_section][et_pb_section fb_built=\u00a0\u00bb1&Prime; admin_label=\u00a0\u00bbPopup &#8211; #serge\u00a0\u00bb module_id=\u00a0\u00bbserge\u00a0\u00bb module_class=\u00a0\u00bbpopup\u00a0\u00bb _builder_version=\u00a0\u00bb4.16&Prime; _module_preset=\u00a0\u00bbdefault\u00a0\u00bb da_is_popup=\u00a0\u00bbon\u00a0\u00bb da_popup_slug=\u00a0\u00bbserge\u00a0\u00bb da_disable_devices=\u00a0\u00bboff|off|off\u00a0\u00bb global_colors_info=\u00a0\u00bb{}\u00a0\u00bb da_exit_intent=\u00a0\u00bboff\u00a0\u00bb da_has_close=\u00a0\u00bbon\u00a0\u00bb da_alt_close=\u00a0\u00bboff\u00a0\u00bb da_dark_close=\u00a0\u00bboff\u00a0\u00bb da_not_modal=\u00a0\u00bbon\u00a0\u00bb da_is_singular=\u00a0\u00bboff\u00a0\u00bb da_with_loader=\u00a0\u00bboff\u00a0\u00bb da_has_shadow=\u00a0\u00bbon\u00a0\u00bb][et_pb_row column_structure=\u00a0\u00bb2_5,3_5&Prime; _builder_version=\u00a0\u00bb4.16&Prime; _module_preset=\u00a0\u00bbdefault\u00a0\u00bb global_colors_info=\u00a0\u00bb{}\u00a0\u00bb][et_pb_column type=\u00a0\u00bb2_5&Prime; _builder_version=\u00a0\u00bb4.16&Prime; _module_preset=\u00a0\u00bbdefault\u00a0\u00bb global_colors_info=\u00a0\u00bb{}\u00a0\u00bb][et_pb_image src=\u00a0\u00bbhttp:\/\/fondationenfantjeunesse.org\/wp-content\/uploads\/serge-ferrus-1.jpg\u00a0\u00bb title_text=\u00a0\u00bbserge-ferrus\u00a0\u00bb align=\u00a0\u00bbcenter\u00a0\u00bb _builder_version=\u00a0\u00bb4.27.2&Prime; _module_preset=\u00a0\u00bbdefault\u00a0\u00bb border_radii=\u00a0\u00bbon|1000px|1000px|1000px|1000px\u00a0\u00bb box_shadow_style=\u00a0\u00bbpreset1&Prime; global_colors_info=\u00a0\u00bb{}\u00a0\u00bb][\/et_pb_image][et_pb_text _builder_version=\u00a0\u00bb4.16&Prime; _module_preset=\u00a0\u00bbdefault\u00a0\u00bb header_text_align=\u00a0\u00bbcenter\u00a0\u00bb header_2_text_align=\u00a0\u00bbcenter\u00a0\u00bb global_colors_info=\u00a0\u00bb{}\u00a0\u00bb]<\/p>\n<h2>Serge Ferrus &#8211; <span>Tr\u00e9sorier<\/span><\/h2>\n<p>[\/et_pb_text][\/et_pb_column][et_pb_column type=\u00a0\u00bb3_5&Prime; _builder_version=\u00a0\u00bb4.16&Prime; _module_preset=\u00a0\u00bbdefault\u00a0\u00bb global_colors_info=\u00a0\u00bb{}\u00a0\u00bb][et_pb_text _builder_version=\u00a0\u00bb4.16&Prime; _module_preset=\u00a0\u00bbdefault\u00a0\u00bb global_colors_info=\u00a0\u00bb{}\u00a0\u00bb]<\/p>\n<p>Il est profond\u00e9ment respect\u00e9 par les milieux d&rsquo;affaires et le secteur gouvernemental ha\u00eftiens.<\/p>\n<p>Gr\u00e2ce \u00e0 sa vision et \u00e0 son sens des affaires, la Tim-Bar International Paper Company, dont il est le directeur g\u00e9n\u00e9ral, reste une entreprise manufacturi\u00e8re d\u00e9tenue et exploit\u00e9e par des Ha\u00eftiens.<\/p>\n<p>Il est l&rsquo;ancien vice-pr\u00e9sident d&rsquo;Ingenieurs Consultants &amp; Associ\u00e9s, sp\u00e9cialis\u00e9 dans le traitement de l&rsquo;eau et la production et la distribution d&rsquo;\u00e9nergie.<br \/>Titulaire d&rsquo;un dipl\u00f4me d&rsquo;ing\u00e9nieur chimiste de la City University of New York et d&rsquo;une formation compl\u00e9mentaire en gestion industrielle, Serge a connu une r\u00e9ussite commerciale au cours des 30 derni\u00e8res ann\u00e9es, \u00e0 l&rsquo;image de son engagement \u00e0 r\u00e9pondre aux besoins de son pays.<\/p>\n<p>Il est un membre inestimable du conseil d&rsquo;administration de la FEJ.<br \/>Serge est connu pour ses id\u00e9es pratiques, ses conseils d\u00e9taill\u00e9s et son excellente capacit\u00e9 d&rsquo;\u00e9coute.<\/p>\n<p>[\/et_pb_text][\/et_pb_column][\/et_pb_row][\/et_pb_section][et_pb_section fb_built=\u00a0\u00bb1&Prime; admin_label=\u00a0\u00bbPopup &#8211; #vanessa\u00a0\u00bb module_id=\u00a0\u00bbvanessa\u00a0\u00bb module_class=\u00a0\u00bbpopup\u00a0\u00bb _builder_version=\u00a0\u00bb4.27.2&Prime; _module_preset=\u00a0\u00bbdefault\u00a0\u00bb da_is_popup=\u00a0\u00bbon\u00a0\u00bb da_popup_slug=\u00a0\u00bbvanessa\u00a0\u00bb da_disable_devices=\u00a0\u00bboff|off|off\u00a0\u00bb global_colors_info=\u00a0\u00bb{}\u00a0\u00bb da_exit_intent=\u00a0\u00bboff\u00a0\u00bb da_has_close=\u00a0\u00bbon\u00a0\u00bb da_alt_close=\u00a0\u00bboff\u00a0\u00bb da_dark_close=\u00a0\u00bboff\u00a0\u00bb da_not_modal=\u00a0\u00bbon\u00a0\u00bb da_is_singular=\u00a0\u00bboff\u00a0\u00bb da_with_loader=\u00a0\u00bboff\u00a0\u00bb da_has_shadow=\u00a0\u00bbon\u00a0\u00bb][et_pb_row column_structure=\u00a0\u00bb2_5,3_5&Prime; _builder_version=\u00a0\u00bb4.16&Prime; _module_preset=\u00a0\u00bbdefault\u00a0\u00bb global_colors_info=\u00a0\u00bb{}\u00a0\u00bb][et_pb_column type=\u00a0\u00bb2_5&Prime; _builder_version=\u00a0\u00bb4.16&Prime; _module_preset=\u00a0\u00bbdefault\u00a0\u00bb global_colors_info=\u00a0\u00bb{}\u00a0\u00bb][et_pb_image src=\u00a0\u00bbhttp:\/\/fondationenfantjeunesse.org\/wp-content\/uploads\/Vanessa-Abdel-Razak.jpg\u00a0\u00bb alt=\u00a0\u00bbVanessa Abdel-Razak \u00a0\u00bb title_text=\u00a0\u00bbVanessa-Abdel-Razak\u00a0\u00bb align=\u00a0\u00bbcenter\u00a0\u00bb _builder_version=\u00a0\u00bb4.27.2&Prime; _module_preset=\u00a0\u00bbdefault\u00a0\u00bb border_radii=\u00a0\u00bbon|1000px|1000px|1000px|1000px\u00a0\u00bb box_shadow_style=\u00a0\u00bbpreset1&Prime; global_colors_info=\u00a0\u00bb{}\u00a0\u00bb][\/et_pb_image][et_pb_text _builder_version=\u00a0\u00bb4.27.2&Prime; _module_preset=\u00a0\u00bbdefault\u00a0\u00bb header_text_align=\u00a0\u00bbcenter\u00a0\u00bb header_2_text_align=\u00a0\u00bbcenter\u00a0\u00bb global_colors_info=\u00a0\u00bb{}\u00a0\u00bb]<\/p>\n<h2>Vanessa Abdel-Razak  &#8211; Membre<\/h2>\n<p>[\/et_pb_text][\/et_pb_column][et_pb_column type=\u00a0\u00bb3_5&Prime; _builder_version=\u00a0\u00bb4.16&Prime; _module_preset=\u00a0\u00bbdefault\u00a0\u00bb global_colors_info=\u00a0\u00bb{}\u00a0\u00bb][et_pb_text _builder_version=\u00a0\u00bb4.27.2&Prime; _module_preset=\u00a0\u00bbdefault\u00a0\u00bb global_colors_info=\u00a0\u00bb{}\u00a0\u00bb]<\/p>\n<p>Vanessa Abdel-Razak est avocate inscrite au barreau de Port-au-Prince, forte de plus de 15 ans d\u2019exp\u00e9rience dans le domaine juridique. Titulaire d\u2019une licence en droit de l\u2019Universit\u00e9 Quisqueya d\u2019Ha\u00efti, elle d\u00e9tient \u00e9galement un Master en droit international et compar\u00e9 de l\u2019environnement de l\u2019Universit\u00e9 de Limoges, ainsi qu\u2019un Master en droit public et un dipl\u00f4me universitaire en \u00e9tudes juridiques compar\u00e9es de l\u2019Universit\u00e9 d\u2019Aix-Marseille, France. Elle a \u00e9galement obtenu un certificat d&rsquo;\u00e9tudes sup\u00e9rieures en droit avec une sp\u00e9cialisation en droit des affaires internationales de l&rsquo;Universit\u00e9 de Londres, et est membre du Chartered Institute of Arbitrators (CIarb), ainsi que de plusieurs associations professionnelles internationales dans lesquelles elle participe activement.<\/p>\n<p>Toujours soucieuse de rester \u00e0 la pointe des \u00e9volutions juridiques, Vanessa participe r\u00e9guli\u00e8rement \u00e0 des s\u00e9minaires de formation continue. Elle est notamment titulaire d\u2019un certificat en r\u00e9daction et m\u00e9thodes l\u00e9gislatives de l\u2019Universit\u00e9 de Gen\u00e8ve, d\u2019un certificat de l\u2019Organisation Mondiale de la Propri\u00e9t\u00e9 Intellectuelle sur les marques, dessins et mod\u00e8les industriels, ainsi que d\u2019un dipl\u00f4me en droit de l\u2019aviation internationale de l\u2019IATA \u00e0 Miami, \u00c9tats-Unis. Depuis 2016, elle enseigne \u00e9galement le droit de l\u2019environnement \u00e0 l\u2019Universit\u00e9 Quisqueya.<\/p>\n<p>Apr\u00e8s plusieurs ann\u00e9es de collaboration au sein de cabinets juridiques de renom, Vanessa a fond\u00e9 en 2016 le cabinet Abdel-Razak &amp; Associ\u00e9s. Celui-ci s\u2019engage \u00e0 offrir des services juridiques de qualit\u00e9 sup\u00e9rieure, bas\u00e9s sur une approche pragmatique, tout en respectant les normes les plus strictes en mati\u00e8re d\u2019int\u00e9grit\u00e9 et d\u2019\u00e9thique.<\/p>\n<p>Vanessa conseille tant les entreprises que les particuliers, les aidant \u00e0 \u00e9laborer des strat\u00e9gies juridiques optimales pour leurs projets, tout en les repr\u00e9sentant dans un large \u00e9ventail de litiges et de transactions juridiques. Ses principaux domaines de sp\u00e9cialisation incluent la propri\u00e9t\u00e9 intellectuelle, le droit des affaires et le droit de la famille. Trilingue, elle ma\u00eetrise parfaitement le fran\u00e7ais, l\u2019anglais et l\u2019espagnol.<\/p>\n<p>Dans ses moments de loisir, Vanessa pratique des activit\u00e9s sportives, en salle ou en plein air, et se passionne pour la lecture.<\/p>\n<p>Fille de m\u00e9decins, Vanessa a h\u00e9rit\u00e9 d\u2019une profonde vocation pour le service et la solidarit\u00e9. Elle s\u2019engage activement dans des actions caritatives, avec un int\u00e9r\u00eat particulier pour l\u2019\u00e9ducation l\u2019autonomisation des femmes et la motivation des jeunes.<\/p>\n<p>[\/et_pb_text][\/et_pb_column][\/et_pb_row][\/et_pb_section][et_pb_section fb_built=\u00a0\u00bb1&Prime; admin_label=\u00a0\u00bbPopup &#8211; #maryse\u00a0\u00bb module_id=\u00a0\u00bbmaryse\u00a0\u00bb module_class=\u00a0\u00bbpopup\u00a0\u00bb _builder_version=\u00a0\u00bb4.16&Prime; _module_preset=\u00a0\u00bbdefault\u00a0\u00bb da_is_popup=\u00a0\u00bbon\u00a0\u00bb da_popup_slug=\u00a0\u00bbmaryse\u00a0\u00bb da_disable_devices=\u00a0\u00bboff|off|off\u00a0\u00bb global_colors_info=\u00a0\u00bb{}\u00a0\u00bb da_exit_intent=\u00a0\u00bboff\u00a0\u00bb da_has_close=\u00a0\u00bbon\u00a0\u00bb da_alt_close=\u00a0\u00bboff\u00a0\u00bb da_dark_close=\u00a0\u00bboff\u00a0\u00bb da_not_modal=\u00a0\u00bbon\u00a0\u00bb da_is_singular=\u00a0\u00bboff\u00a0\u00bb da_with_loader=\u00a0\u00bboff\u00a0\u00bb da_has_shadow=\u00a0\u00bbon\u00a0\u00bb][et_pb_row column_structure=\u00a0\u00bb2_5,3_5&Prime; _builder_version=\u00a0\u00bb4.16&Prime; _module_preset=\u00a0\u00bbdefault\u00a0\u00bb global_colors_info=\u00a0\u00bb{}\u00a0\u00bb][et_pb_column type=\u00a0\u00bb2_5&Prime; _builder_version=\u00a0\u00bb4.16&Prime; _module_preset=\u00a0\u00bbdefault\u00a0\u00bb global_colors_info=\u00a0\u00bb{}\u00a0\u00bb][et_pb_image src=\u00a0\u00bbhttp:\/\/fondationenfantjeunesse.org\/wp-content\/uploads\/maryse-vieux-1.jpg\u00a0\u00bb title_text=\u00a0\u00bbmaryse-vieux\u00a0\u00bb align=\u00a0\u00bbcenter\u00a0\u00bb _builder_version=\u00a0\u00bb4.27.2&Prime; _module_preset=\u00a0\u00bbdefault\u00a0\u00bb border_radii=\u00a0\u00bbon|1000px|1000px|1000px|1000px\u00a0\u00bb box_shadow_style=\u00a0\u00bbpreset1&Prime; global_colors_info=\u00a0\u00bb{}\u00a0\u00bb][\/et_pb_image][et_pb_text _builder_version=\u00a0\u00bb4.16&Prime; _module_preset=\u00a0\u00bbdefault\u00a0\u00bb header_text_align=\u00a0\u00bbcenter\u00a0\u00bb header_2_text_align=\u00a0\u00bbcenter\u00a0\u00bb global_colors_info=\u00a0\u00bb{}\u00a0\u00bb]<\/p>\n<h2>Maryse Vieux &#8211; Secr\u00e9taire<\/h2>\n<p>[\/et_pb_text][\/et_pb_column][et_pb_column type=\u00a0\u00bb3_5&Prime; _builder_version=\u00a0\u00bb4.16&Prime; _module_preset=\u00a0\u00bbdefault\u00a0\u00bb global_colors_info=\u00a0\u00bb{}\u00a0\u00bb][et_pb_text _builder_version=\u00a0\u00bb4.16&Prime; _module_preset=\u00a0\u00bbdefault\u00a0\u00bb global_colors_info=\u00a0\u00bb{}\u00a0\u00bb]<\/p>\n<p>Elle a plus de 30 ans d&rsquo;exp\u00e9rience dans l&rsquo;\u00e9ducation et la gestion.<br \/>Elle est passionn\u00e9e par le service aux jeunes et aux personnes \u00e2g\u00e9es.<\/p>\n<p>En 2010, elle a quitt\u00e9 son poste de pr\u00e9sidente et directrice g\u00e9n\u00e9rale de l&rsquo;\u00e9cole maternelle Petits Bouts de Choux, en Ha\u00efti, o\u00f9 elle a travaill\u00e9 pendant 14 ans.<\/p>\n<p>Avant cela, Maryse a \u00e9t\u00e9 administratrice au Foyer de Personness Ag\u00e9s au Canada.<\/p>\n<p>Dipl\u00f4m\u00e9e en \u00e9ducation de la petite enfance et en psychologie de l&rsquo;universit\u00e9 de Syracuse, son travail et ses \u00e9tudes se sont d\u00e9roul\u00e9s dans le monde entier : de Brooklyn (New York) \u00e0 P\u00e9tion-Ville (Ha\u00efti), en passant par le Canada et la R\u00e9publique d\u00e9mocratique du Congo.<\/p>\n<p>Profond\u00e9ment respect\u00e9e au sein de la communaut\u00e9 ha\u00eftienne, Maryse encadre activement la prochaine g\u00e9n\u00e9ration de dirigeants de la FEJ.<br \/>Elle est connue pour sa capacit\u00e9 \u00e0 r\u00e9soudre les probl\u00e8mes et son merveilleux sens de l&rsquo;humour.<\/p>\n<p>[\/et_pb_text][\/et_pb_column][\/et_pb_row][\/et_pb_section][et_pb_section fb_built=\u00a0\u00bb1&Prime; admin_label=\u00a0\u00bbPopup &#8211; #gerald\u00a0\u00bb module_id=\u00a0\u00bbgerald\u00a0\u00bb module_class=\u00a0\u00bbpopup\u00a0\u00bb _builder_version=\u00a0\u00bb4.16&Prime; _module_preset=\u00a0\u00bbdefault\u00a0\u00bb da_is_popup=\u00a0\u00bbon\u00a0\u00bb da_popup_slug=\u00a0\u00bbgerald\u00a0\u00bb da_disable_devices=\u00a0\u00bboff|off|off\u00a0\u00bb global_colors_info=\u00a0\u00bb{}\u00a0\u00bb da_exit_intent=\u00a0\u00bboff\u00a0\u00bb da_has_close=\u00a0\u00bbon\u00a0\u00bb da_alt_close=\u00a0\u00bboff\u00a0\u00bb da_dark_close=\u00a0\u00bboff\u00a0\u00bb da_not_modal=\u00a0\u00bbon\u00a0\u00bb da_is_singular=\u00a0\u00bboff\u00a0\u00bb da_with_loader=\u00a0\u00bboff\u00a0\u00bb da_has_shadow=\u00a0\u00bbon\u00a0\u00bb][et_pb_row column_structure=\u00a0\u00bb2_5,3_5&Prime; _builder_version=\u00a0\u00bb4.16&Prime; _module_preset=\u00a0\u00bbdefault\u00a0\u00bb global_colors_info=\u00a0\u00bb{}\u00a0\u00bb][et_pb_column type=\u00a0\u00bb2_5&Prime; _builder_version=\u00a0\u00bb4.16&Prime; _module_preset=\u00a0\u00bbdefault\u00a0\u00bb global_colors_info=\u00a0\u00bb{}\u00a0\u00bb][et_pb_image src=\u00a0\u00bbhttp:\/\/fondationenfantjeunesse.org\/wp-content\/uploads\/gerald-1.jpg\u00a0\u00bb title_text=\u00a0\u00bbgerald\u00a0\u00bb align=\u00a0\u00bbcenter\u00a0\u00bb _builder_version=\u00a0\u00bb4.27.2&Prime; _module_preset=\u00a0\u00bbdefault\u00a0\u00bb border_radii=\u00a0\u00bbon|1000px|1000px|1000px|1000px\u00a0\u00bb box_shadow_style=\u00a0\u00bbpreset1&Prime; global_colors_info=\u00a0\u00bb{}\u00a0\u00bb][\/et_pb_image][et_pb_text _builder_version=\u00a0\u00bb4.27.2&Prime; _module_preset=\u00a0\u00bbdefault\u00a0\u00bb header_text_align=\u00a0\u00bbcenter\u00a0\u00bb header_2_text_align=\u00a0\u00bbcenter\u00a0\u00bb hover_enabled=\u00a0\u00bb0&Prime; global_colors_info=\u00a0\u00bb{}\u00a0\u00bb sticky_enabled=\u00a0\u00bb0&Prime;]<\/p>\n<h2>Gerald Reid, MD. &#8211; Membre<\/h2>\n<p>[\/et_pb_text][\/et_pb_column][et_pb_column type=\u00a0\u00bb3_5&Prime; _builder_version=\u00a0\u00bb4.16&Prime; _module_preset=\u00a0\u00bbdefault\u00a0\u00bb global_colors_info=\u00a0\u00bb{}\u00a0\u00bb][et_pb_text _builder_version=\u00a0\u00bb4.16&Prime; _module_preset=\u00a0\u00bbdefault\u00a0\u00bb global_colors_info=\u00a0\u00bb{}\u00a0\u00bb]<\/p>\n<p>Un chirurgien certifi\u00e9, sp\u00e9cialis\u00e9 dans l&rsquo;oncologie chirurgicale.<br \/>N\u00e9 \u00e0 Petit-Goave, en Ha\u00efti, le Dr Reid a fait ses \u00e9tudes de m\u00e9decine \u00e0 l&rsquo;universit\u00e9 d&rsquo;Ha\u00efti et son internat au Memorial Hospital de Worchester, dans le Massachusetts. Il a dirig\u00e9 un cabinet priv\u00e9 prosp\u00e8re pendant plus de 30 ans \u00e0 Walpole, dans le Massachusetts.<\/p>\n<p>Respect\u00e9 tant au niveau local qu&rsquo;international, le Dr Reid a \u00e9t\u00e9 pr\u00e9sident de l&rsquo;Association des m\u00e9decins ha\u00eftiens \u00e0 l&rsquo;\u00e9tranger et de l&rsquo;unit\u00e9 de la vall\u00e9e de Neponset de la Soci\u00e9t\u00e9 am\u00e9ricaine du cancer. Il a \u00e9galement exerc\u00e9 plusieurs mandats au sein du conseil d&rsquo;administration du Neponset Valley Health System.<\/p>\n<p>Il reste un membre actif de l&rsquo;American College of General Surgeons, de la Boston Surgical Society, de la New England Cancer Society et de la Haitian Organization for Health Services.<\/p>\n<p>Le Dr Reid est passionn\u00e9 par le partage de son exp\u00e9rience internationale et de ses connaissances m\u00e9dicales avec son pays d&rsquo;origine.<\/p>\n<p>[\/et_pb_text][\/et_pb_column][\/et_pb_row][\/et_pb_section][et_pb_section fb_built=\u00a0\u00bb1&Prime; admin_label=\u00a0\u00bbPopup &#8211; #lilian\u00a0\u00bb module_id=\u00a0\u00bblilian\u00a0\u00bb module_class=\u00a0\u00bbpopup\u00a0\u00bb _builder_version=\u00a0\u00bb4.16&Prime; _module_preset=\u00a0\u00bbdefault\u00a0\u00bb da_is_popup=\u00a0\u00bbon\u00a0\u00bb da_popup_slug=\u00a0\u00bblilian\u00a0\u00bb da_disable_devices=\u00a0\u00bboff|off|off\u00a0\u00bb global_colors_info=\u00a0\u00bb{}\u00a0\u00bb da_exit_intent=\u00a0\u00bboff\u00a0\u00bb da_has_close=\u00a0\u00bbon\u00a0\u00bb da_alt_close=\u00a0\u00bboff\u00a0\u00bb da_dark_close=\u00a0\u00bboff\u00a0\u00bb da_not_modal=\u00a0\u00bbon\u00a0\u00bb da_is_singular=\u00a0\u00bboff\u00a0\u00bb da_with_loader=\u00a0\u00bboff\u00a0\u00bb da_has_shadow=\u00a0\u00bbon\u00a0\u00bb][et_pb_row column_structure=\u00a0\u00bb2_5,3_5&Prime; _builder_version=\u00a0\u00bb4.16&Prime; _module_preset=\u00a0\u00bbdefault\u00a0\u00bb global_colors_info=\u00a0\u00bb{}\u00a0\u00bb][et_pb_column type=\u00a0\u00bb2_5&Prime; _builder_version=\u00a0\u00bb4.16&Prime; _module_preset=\u00a0\u00bbdefault\u00a0\u00bb global_colors_info=\u00a0\u00bb{}\u00a0\u00bb][et_pb_image src=\u00a0\u00bbhttp:\/\/fondationenfantjeunesse.org\/wp-content\/uploads\/l-dukes.jpg\u00a0\u00bb alt=\u00a0\u00bbLilian Dukes\u00a0\u00bb title_text=\u00a0\u00bbl-dukes\u00a0\u00bb align=\u00a0\u00bbcenter\u00a0\u00bb _builder_version=\u00a0\u00bb4.27.2&Prime; _module_preset=\u00a0\u00bbdefault\u00a0\u00bb border_radii=\u00a0\u00bbon|1000px|1000px|1000px|1000px\u00a0\u00bb box_shadow_style=\u00a0\u00bbpreset1&Prime; global_colors_info=\u00a0\u00bb{}\u00a0\u00bb][\/et_pb_image][et_pb_text _builder_version=\u00a0\u00bb4.23&Prime; _module_preset=\u00a0\u00bbdefault\u00a0\u00bb header_text_align=\u00a0\u00bbcenter\u00a0\u00bb header_2_text_align=\u00a0\u00bbcenter\u00a0\u00bb global_colors_info=\u00a0\u00bb{}\u00a0\u00bb]<\/p>\n<h2>Lilian Dukes &#8211; membre<\/h2>\n<p>[\/et_pb_text][\/et_pb_column][et_pb_column type=\u00a0\u00bb3_5&Prime; _builder_version=\u00a0\u00bb4.16&Prime; _module_preset=\u00a0\u00bbdefault\u00a0\u00bb global_colors_info=\u00a0\u00bb{}\u00a0\u00bb][et_pb_text _builder_version=\u00a0\u00bb4.16&Prime; _module_preset=\u00a0\u00bbdefault\u00a0\u00bb global_colors_info=\u00a0\u00bb{}\u00a0\u00bb]<\/p>\n<p>Actuellement, en tant que Chief Transformation Officer chez LAD Consulting, LLC, elle continue d&rsquo;appliquer son expertise \u00e0 la conduite d&rsquo;am\u00e9liorations strat\u00e9giques et \u00e0 la stimulation de la croissance organisationnelle dans une vari\u00e9t\u00e9 d&rsquo;entreprises clientes.<\/p>\n<p>Apr\u00e8s des d\u00e9buts en tant qu&rsquo;ing\u00e9nieur en \u00e9lectricit\u00e9 et en a\u00e9ronautique, Lillian a r\u00e9guli\u00e8rement gravi les \u00e9chelons de l&rsquo;ing\u00e9nierie et de la gestion pour devenir dirigeante et vice-pr\u00e9sidente de plusieurs entreprises, dont Spirit AeroSystems, Beechcraft Corporation, American Eagle Airlines et Independence Airlines.<\/p>\n<p>Outre ses r\u00e9alisations professionnelles, l&rsquo;expertise de Lillian s&rsquo;\u00e9tend \u00e0 ses r\u00f4les de professeur auxiliaire et de membre du conseil consultatif sur l&rsquo;a\u00e9rospatiale et la d\u00e9fense au Haslam College of Business de l&rsquo;universit\u00e9 du Tennessee, de membre du conseil consultatif de l&rsquo;organisation AWESOME Leaders et de membre du conseil d&rsquo;administration du National Aviation Hall of Fame.<\/p>\n<p>[\/et_pb_text][\/et_pb_column][\/et_pb_row][\/et_pb_section][et_pb_section fb_built=\u00a0\u00bb1&Prime; admin_label=\u00a0\u00bbPopup &#8211; #brooke\u00a0\u00bb module_id=\u00a0\u00bbbrooke\u00a0\u00bb module_class=\u00a0\u00bbpopup\u00a0\u00bb _builder_version=\u00a0\u00bb4.23&Prime; _module_preset=\u00a0\u00bbdefault\u00a0\u00bb da_is_popup=\u00a0\u00bbon\u00a0\u00bb da_popup_slug=\u00a0\u00bbbrooke\u00a0\u00bb da_disable_devices=\u00a0\u00bboff|off|off\u00a0\u00bb global_colors_info=\u00a0\u00bb{}\u00a0\u00bb da_exit_intent=\u00a0\u00bboff\u00a0\u00bb da_has_close=\u00a0\u00bbon\u00a0\u00bb da_alt_close=\u00a0\u00bboff\u00a0\u00bb da_dark_close=\u00a0\u00bboff\u00a0\u00bb da_not_modal=\u00a0\u00bbon\u00a0\u00bb da_is_singular=\u00a0\u00bboff\u00a0\u00bb da_with_loader=\u00a0\u00bboff\u00a0\u00bb da_has_shadow=\u00a0\u00bbon\u00a0\u00bb][et_pb_row column_structure=\u00a0\u00bb2_5,3_5&Prime; _builder_version=\u00a0\u00bb4.16&Prime; _module_preset=\u00a0\u00bbdefault\u00a0\u00bb global_colors_info=\u00a0\u00bb{}\u00a0\u00bb][et_pb_column type=\u00a0\u00bb2_5&Prime; _builder_version=\u00a0\u00bb4.16&Prime; _module_preset=\u00a0\u00bbdefault\u00a0\u00bb global_colors_info=\u00a0\u00bb{}\u00a0\u00bb][et_pb_image src=\u00a0\u00bbhttp:\/\/fondationenfantjeunesse.org\/wp-content\/uploads\/brooke-lehman-1.jpg\u00a0\u00bb alt=\u00a0\u00bbLilian Dukes\u00a0\u00bb title_text=\u00a0\u00bbbrooke-lehman\u00a0\u00bb align=\u00a0\u00bbcenter\u00a0\u00bb _builder_version=\u00a0\u00bb4.27.2&Prime; _module_preset=\u00a0\u00bbdefault\u00a0\u00bb border_radii=\u00a0\u00bbon|1000px|1000px|1000px|1000px\u00a0\u00bb box_shadow_style=\u00a0\u00bbpreset1&Prime; global_colors_info=\u00a0\u00bb{}\u00a0\u00bb][\/et_pb_image][et_pb_text _builder_version=\u00a0\u00bb4.23&Prime; _module_preset=\u00a0\u00bbdefault\u00a0\u00bb header_text_align=\u00a0\u00bbcenter\u00a0\u00bb header_2_text_align=\u00a0\u00bbcenter\u00a0\u00bb global_colors_info=\u00a0\u00bb{}\u00a0\u00bb]<\/p>\n<h2>Brooke Lehmann &#8211; Pr\u00e9sidente du conseil d&rsquo;administration<\/h2>\n<p>[\/et_pb_text][\/et_pb_column][et_pb_column type=\u00a0\u00bb3_5&Prime; _builder_version=\u00a0\u00bb4.16&Prime; _module_preset=\u00a0\u00bbdefault\u00a0\u00bb global_colors_info=\u00a0\u00bb{}\u00a0\u00bb][et_pb_text _builder_version=\u00a0\u00bb4.23&Prime; _module_preset=\u00a0\u00bbdefault\u00a0\u00bb global_colors_info=\u00a0\u00bb{}\u00a0\u00bb]<\/p>\n<p><span>Brooke Lehmann est une assistante sociale clinique et une avocate d&rsquo;int\u00e9r\u00eat public dont l&rsquo;expertise professionnelle porte sur les domaines de la sant\u00e9, de l&rsquo;\u00e9ducation et de la protection de l&rsquo;enfance.<\/span><\/p>\n<p><span>Mme Lehmann a pass\u00e9 deux d\u00e9cennies \u00e0 fournir des services cliniques directs et des services de d\u00e9fense aux enfants et aux familles, tout en s&rsquo;effor\u00e7ant d&rsquo;am\u00e9liorer les syst\u00e8mes qui administrent ces services par le biais de l&rsquo;\u00e9laboration de politiques et de la d\u00e9fense des int\u00e9r\u00eats l\u00e9gislatifs.<br \/>En tant que fondatrice et pr\u00e9sidente de Childworks, LLC, Mme Lehmann a g\u00e9r\u00e9 des campagnes de plaidoyer locales, \u00e9tatiques et f\u00e9d\u00e9rales de plusieurs millions de dollars, fournissant une analyse l\u00e9gislative et une expertise strat\u00e9gique \u00e0 des clients desservant des populations vuln\u00e9rables d&rsquo;enfants, de jeunes et de familles.<br \/><\/span><\/p>\n<p><span>En tant qu&rsquo;experte nationale, Mme Lehmann fournit des conseils sur la conception, le d\u00e9veloppement et la r\u00e9forme des services de sant\u00e9 p\u00e9diatrique et de sant\u00e9 mentale, de l&rsquo;\u00e9ducation sp\u00e9cialis\u00e9e et des syst\u00e8mes de protection de l&rsquo;enfance. <\/span><\/p>\n<p>[\/et_pb_text][\/et_pb_column][\/et_pb_row][\/et_pb_section][et_pb_section fb_built=\u00a0\u00bb1&Prime; admin_label=\u00a0\u00bbPopup &#8211; #lisa\u00a0\u00bb module_id=\u00a0\u00bblisa\u00a0\u00bb module_class=\u00a0\u00bbpopup\u00a0\u00bb _builder_version=\u00a0\u00bb4.23&Prime; _module_preset=\u00a0\u00bbdefault\u00a0\u00bb da_is_popup=\u00a0\u00bbon\u00a0\u00bb da_popup_slug=\u00a0\u00bblisa\u00a0\u00bb da_disable_devices=\u00a0\u00bboff|off|off\u00a0\u00bb global_colors_info=\u00a0\u00bb{}\u00a0\u00bb da_exit_intent=\u00a0\u00bboff\u00a0\u00bb da_has_close=\u00a0\u00bbon\u00a0\u00bb da_alt_close=\u00a0\u00bboff\u00a0\u00bb da_dark_close=\u00a0\u00bboff\u00a0\u00bb da_not_modal=\u00a0\u00bbon\u00a0\u00bb da_is_singular=\u00a0\u00bboff\u00a0\u00bb da_with_loader=\u00a0\u00bboff\u00a0\u00bb da_has_shadow=\u00a0\u00bbon\u00a0\u00bb][et_pb_row column_structure=\u00a0\u00bb2_5,3_5&Prime; _builder_version=\u00a0\u00bb4.16&Prime; _module_preset=\u00a0\u00bbdefault\u00a0\u00bb global_colors_info=\u00a0\u00bb{}\u00a0\u00bb][et_pb_column type=\u00a0\u00bb2_5&Prime; _builder_version=\u00a0\u00bb4.16&Prime; _module_preset=\u00a0\u00bbdefault\u00a0\u00bb global_colors_info=\u00a0\u00bb{}\u00a0\u00bb][et_pb_image src=\u00a0\u00bbhttp:\/\/fondationenfantjeunesse.org\/wp-content\/uploads\/lisa-torres-headshot.png\u00a0\u00bb alt=\u00a0\u00bbLilian Dukes\u00a0\u00bb title_text=\u00a0\u00bblisa torres headshot\u00a0\u00bb align=\u00a0\u00bbcenter\u00a0\u00bb _builder_version=\u00a0\u00bb4.27.2&Prime; _module_preset=\u00a0\u00bbdefault\u00a0\u00bb border_radii=\u00a0\u00bbon|1000px|1000px|1000px|1000px\u00a0\u00bb box_shadow_style=\u00a0\u00bbpreset1&Prime; global_colors_info=\u00a0\u00bb{}\u00a0\u00bb][\/et_pb_image][et_pb_text _builder_version=\u00a0\u00bb4.23&Prime; _module_preset=\u00a0\u00bbdefault\u00a0\u00bb header_text_align=\u00a0\u00bbcenter\u00a0\u00bb header_2_text_align=\u00a0\u00bbcenter\u00a0\u00bb global_colors_info=\u00a0\u00bb{}\u00a0\u00bb]<\/p>\n<h2>Lisa Torres &#8211; Membre<\/h2>\n<p>[\/et_pb_text][\/et_pb_column][et_pb_column type=\u00a0\u00bb3_5&Prime; _builder_version=\u00a0\u00bb4.16&Prime; _module_preset=\u00a0\u00bbdefault\u00a0\u00bb global_colors_info=\u00a0\u00bb{}\u00a0\u00bb][et_pb_text _builder_version=\u00a0\u00bb4.27.0&Prime; _module_preset=\u00a0\u00bbdefault\u00a0\u00bb global_colors_info=\u00a0\u00bb{}\u00a0\u00bb]<\/p>\n<p>Mme Torres est un coach ex\u00e9cutif pour les organisations \u00e0 but non lucratif en pleine croissance, aidant leur personnel \u00e0 servir avec excellence.<br \/>Elle a plus de vingt ans d&rsquo;exp\u00e9rience dans la collecte de fonds pour des organisations non gouvernementales de premier plan.<\/p>\n<p>En tant que Senior Development Officer au sein d&rsquo;\u00e9quipes de donateurs individuels, Lisa s&rsquo;est sp\u00e9cialis\u00e9e dans la mise en relation des grands et m\u00e9ga-donateurs avec la mission d&rsquo;organisations telles que Habitat for Humanity et World Vision.<\/p>\n<p>Sur le plan personnel, Lisa et son mari, Moises, ont adopt\u00e9, par l&rsquo;interm\u00e9diaire de FEJ-USA, leur fils Messi, \u00e2g\u00e9 aujourd&rsquo;hui de quatorze ans, en provenance d&rsquo;Ha\u00efti.<br \/>Ils font partie de la communaut\u00e9 des parents adoptifs de la FEJ et soutiennent tous les programmes de la FEJ.<br \/>Lisa est actuellement pr\u00e9sidente de la commission des subventions du conseil d&rsquo;administration.<\/p>\n<p>&nbsp;<\/p>\n<p>[\/et_pb_text][\/et_pb_column][\/et_pb_row][\/et_pb_section][et_pb_section fb_built=\u00a0\u00bb1&Prime; admin_label=\u00a0\u00bbPopup &#8211; #jerry\u00a0\u00bb module_id=\u00a0\u00bbjerry\u00a0\u00bb module_class=\u00a0\u00bbpopup\u00a0\u00bb _builder_version=\u00a0\u00bb4.23&Prime; _module_preset=\u00a0\u00bbdefault\u00a0\u00bb da_is_popup=\u00a0\u00bbon\u00a0\u00bb da_popup_slug=\u00a0\u00bbjerry\u00a0\u00bb da_disable_devices=\u00a0\u00bboff|off|off\u00a0\u00bb global_colors_info=\u00a0\u00bb{}\u00a0\u00bb da_exit_intent=\u00a0\u00bboff\u00a0\u00bb da_has_close=\u00a0\u00bbon\u00a0\u00bb da_alt_close=\u00a0\u00bboff\u00a0\u00bb da_dark_close=\u00a0\u00bboff\u00a0\u00bb da_not_modal=\u00a0\u00bbon\u00a0\u00bb da_is_singular=\u00a0\u00bboff\u00a0\u00bb da_with_loader=\u00a0\u00bboff\u00a0\u00bb da_has_shadow=\u00a0\u00bbon\u00a0\u00bb][et_pb_row column_structure=\u00a0\u00bb2_5,3_5&Prime; _builder_version=\u00a0\u00bb4.16&Prime; _module_preset=\u00a0\u00bbdefault\u00a0\u00bb global_colors_info=\u00a0\u00bb{}\u00a0\u00bb][et_pb_column type=\u00a0\u00bb2_5&Prime; _builder_version=\u00a0\u00bb4.16&Prime; _module_preset=\u00a0\u00bbdefault\u00a0\u00bb global_colors_info=\u00a0\u00bb{}\u00a0\u00bb][et_pb_image src=\u00a0\u00bbhttp:\/\/fondationenfantjeunesse.org\/wp-content\/uploads\/jerry-oetgen-headshot-1.jpg\u00a0\u00bb alt=\u00a0\u00bbLilian Dukes\u00a0\u00bb title_text=\u00a0\u00bbjerry-oetgen-headshot\u00a0\u00bb align=\u00a0\u00bbcenter\u00a0\u00bb _builder_version=\u00a0\u00bb4.27.2&Prime; _module_preset=\u00a0\u00bbdefault\u00a0\u00bb border_radii=\u00a0\u00bbon|1000px|1000px|1000px|1000px\u00a0\u00bb box_shadow_style=\u00a0\u00bbpreset1&Prime; global_colors_info=\u00a0\u00bb{}\u00a0\u00bb][\/et_pb_image][et_pb_text _builder_version=\u00a0\u00bb4.23&Prime; _module_preset=\u00a0\u00bbdefault\u00a0\u00bb header_text_align=\u00a0\u00bbcenter\u00a0\u00bb header_2_text_align=\u00a0\u00bbcenter\u00a0\u00bb global_colors_info=\u00a0\u00bb{}\u00a0\u00bb]<\/p>\n<h2>Jerry Oetgen &#8211; Vice-pr\u00e9sident<\/h2>\n<p>[\/et_pb_text][\/et_pb_column][et_pb_column type=\u00a0\u00bb3_5&Prime; _builder_version=\u00a0\u00bb4.16&Prime; _module_preset=\u00a0\u00bbdefault\u00a0\u00bb global_colors_info=\u00a0\u00bb{}\u00a0\u00bb][et_pb_text _builder_version=\u00a0\u00bb4.27.0&Prime; _module_preset=\u00a0\u00bbdefault\u00a0\u00bb global_colors_info=\u00a0\u00bb{}\u00a0\u00bb]<\/p>\n<p>Diplomate am\u00e9ricain de haut rang et historien \u00e0 la retraite, Jerome Oetgen a r\u00e9cemment \u00e9t\u00e9 professeur \u00e0 la School of Professional and Extended Studies de l&rsquo;American University, \u00e0 Washington, DC, ainsi qu&rsquo;historien et consultant en affaires publiques au Saint Vincent College, \u00e0 Latrobe, PA.<\/p>\n<p>Diplomate au D\u00e9partement d&rsquo;\u00c9tat am\u00e9ricain de 1987 \u00e0 2011, Jerome Oetgen a servi dans les ambassades des \u00c9tats-Unis au Paraguay, en \u00c9quateur, en Espagne, en Italie et au Nicaragua.<\/p>\n<p>Son dernier poste \u00e0 l&rsquo;\u00e9tranger a \u00e9t\u00e9 Ha\u00efti, o\u00f9 il a servi avant, pendant et apr\u00e8s le tremblement de terre d\u00e9vastateur de 2010, et a particip\u00e9 \u00e0 l&rsquo;effort massif de redressement des \u00c9tats-Unis.<\/p>\n<p><span>Au cours de sa carri\u00e8re diplomatique, il a re\u00e7u trois distinctions honorifiques du d\u00e9partement d&rsquo;\u00c9tat pour son service exemplaire.<\/span><\/p>\n<p>[\/et_pb_text][\/et_pb_column][\/et_pb_row][\/et_pb_section][et_pb_section fb_built=\u00a0\u00bb1&Prime; admin_label=\u00a0\u00bbPopup &#8211; #marcia\u00a0\u00bb module_id=\u00a0\u00bbmarcia\u00a0\u00bb module_class=\u00a0\u00bbpopup\u00a0\u00bb _builder_version=\u00a0\u00bb4.23&Prime; _module_preset=\u00a0\u00bbdefault\u00a0\u00bb da_is_popup=\u00a0\u00bbon\u00a0\u00bb da_popup_slug=\u00a0\u00bbmarcia\u00a0\u00bb da_disable_devices=\u00a0\u00bboff|off|off\u00a0\u00bb global_colors_info=\u00a0\u00bb{}\u00a0\u00bb da_exit_intent=\u00a0\u00bboff\u00a0\u00bb da_has_close=\u00a0\u00bbon\u00a0\u00bb da_alt_close=\u00a0\u00bboff\u00a0\u00bb da_dark_close=\u00a0\u00bboff\u00a0\u00bb da_not_modal=\u00a0\u00bbon\u00a0\u00bb da_is_singular=\u00a0\u00bboff\u00a0\u00bb da_with_loader=\u00a0\u00bboff\u00a0\u00bb da_has_shadow=\u00a0\u00bbon\u00a0\u00bb][et_pb_row column_structure=\u00a0\u00bb2_5,3_5&Prime; _builder_version=\u00a0\u00bb4.16&Prime; _module_preset=\u00a0\u00bbdefault\u00a0\u00bb global_colors_info=\u00a0\u00bb{}\u00a0\u00bb][et_pb_column type=\u00a0\u00bb2_5&Prime; _builder_version=\u00a0\u00bb4.16&Prime; _module_preset=\u00a0\u00bbdefault\u00a0\u00bb global_colors_info=\u00a0\u00bb{}\u00a0\u00bb][et_pb_image src=\u00a0\u00bbhttp:\/\/fondationenfantjeunesse.org\/wp-content\/uploads\/mb-headshot.jpg\u00a0\u00bb alt=\u00a0\u00bbLilian Dukes\u00a0\u00bb title_text=\u00a0\u00bbmb headshot\u00a0\u00bb align=\u00a0\u00bbcenter\u00a0\u00bb _builder_version=\u00a0\u00bb4.27.2&Prime; _module_preset=\u00a0\u00bbdefault\u00a0\u00bb border_radii=\u00a0\u00bbon|1000px|1000px|1000px|1000px\u00a0\u00bb box_shadow_style=\u00a0\u00bbpreset1&Prime; global_colors_info=\u00a0\u00bb{}\u00a0\u00bb][\/et_pb_image][et_pb_text _builder_version=\u00a0\u00bb4.23&Prime; _module_preset=\u00a0\u00bbdefault\u00a0\u00bb header_text_align=\u00a0\u00bbcenter\u00a0\u00bb header_2_text_align=\u00a0\u00bbcenter\u00a0\u00bb global_colors_info=\u00a0\u00bb{}\u00a0\u00bb]<\/p>\n<h2>Marcia Brown &#8211; Membre<\/h2>\n<p>[\/et_pb_text][\/et_pb_column][et_pb_column type=\u00a0\u00bb3_5&Prime; _builder_version=\u00a0\u00bb4.16&Prime; _module_preset=\u00a0\u00bbdefault\u00a0\u00bb global_colors_info=\u00a0\u00bb{}\u00a0\u00bb][et_pb_text _builder_version=\u00a0\u00bb4.27.0&Prime; _module_preset=\u00a0\u00bbdefault\u00a0\u00bb custom_padding=\u00a0\u00bb||0px|||\u00a0\u00bb global_colors_info=\u00a0\u00bb{}\u00a0\u00bb]<\/p>\n<p>Marcia est a mondial ex\u00e9cutif, qui positions organisations pour succ\u00e8s avec efficace et innovante la strat\u00e9gie d&rsquo;entreprise et la direction tactique du marketing. Elle est a eu un impact positif sur un grand nombre d&rsquo;entreprises et d&rsquo;organisations en tant que consultante et responsable marketing.<\/p>\n<p>Fondateur et Principal de Les Monarque Le groupe, Marcia guides entreprise strat\u00e9gie et marketing initiatives pour organisations \u00e0 l&rsquo;int\u00e9rieur a large gamme de secteurs d&rsquo;activit\u00e9 \u00e0 travers les globe, avec succ\u00e8s positionnement clients \u00e0 r\u00e9aliser leur entreprise objectifs. Marcia a d\u00e9tenu a vari\u00e9t\u00e9 de marketing leadership positions de des responsabilit\u00e9s croissantes au sein d&rsquo;entreprises du Fortune 500.<\/p>\n<p>Elle a dirig\u00e9 une strat\u00e9gie de marque mondiale dans plus de 50 pays.<\/p>\n<p>Originaire de Jama\u00efque, Marcia a immigr\u00e9 avec sa famille \u00e0 New York o\u00f9 elle a pass\u00e9 ses ann\u00e9es de formation. Elle r\u00e9side actuellement \u00e0 Atlanta avec son mari n\u00e9 en Ha\u00efti. fils, Patrick.<\/p>\n<p>Lorsqu&rsquo;elle n&rsquo;est pas \u00e0 la t\u00eate de la strat\u00e9gie commerciale et des initiatives de marketing, Marcia aime faire du \u00ab\u00a0globetrot\u00a0\u00bb avec Patrick, lire, coudre et faire du crochet.<\/p>\n<p>[\/et_pb_text][\/et_pb_column][\/et_pb_row][\/et_pb_section][et_pb_section fb_built=\u00a0\u00bb1&Prime; admin_label=\u00a0\u00bbPopup &#8211; #brian\u00a0\u00bb module_id=\u00a0\u00bbbrian\u00a0\u00bb module_class=\u00a0\u00bbpopup\u00a0\u00bb _builder_version=\u00a0\u00bb4.16&Prime; _module_preset=\u00a0\u00bbdefault\u00a0\u00bb da_is_popup=\u00a0\u00bbon\u00a0\u00bb da_popup_slug=\u00a0\u00bbbrian\u00a0\u00bb da_disable_devices=\u00a0\u00bboff|off|off\u00a0\u00bb global_colors_info=\u00a0\u00bb{}\u00a0\u00bb da_exit_intent=\u00a0\u00bboff\u00a0\u00bb da_has_close=\u00a0\u00bbon\u00a0\u00bb da_alt_close=\u00a0\u00bboff\u00a0\u00bb da_dark_close=\u00a0\u00bboff\u00a0\u00bb da_not_modal=\u00a0\u00bbon\u00a0\u00bb da_is_singular=\u00a0\u00bboff\u00a0\u00bb da_with_loader=\u00a0\u00bboff\u00a0\u00bb da_has_shadow=\u00a0\u00bbon\u00a0\u00bb][et_pb_row column_structure=\u00a0\u00bb2_5,3_5&Prime; _builder_version=\u00a0\u00bb4.16&Prime; _module_preset=\u00a0\u00bbdefault\u00a0\u00bb global_colors_info=\u00a0\u00bb{}\u00a0\u00bb][et_pb_column type=\u00a0\u00bb2_5&Prime; _builder_version=\u00a0\u00bb4.16&Prime; _module_preset=\u00a0\u00bbdefault\u00a0\u00bb global_colors_info=\u00a0\u00bb{}\u00a0\u00bb][et_pb_image src=\u00a0\u00bbhttp:\/\/fondationenfantjeunesse.org\/wp-content\/uploads\/brian-carlson.jpg\u00a0\u00bb alt=\u00a0\u00bbBrian Carlson\u00a0\u00bb title_text=\u00a0\u00bbBrian Carlson\u00a0\u00bb align=\u00a0\u00bbcenter\u00a0\u00bb _builder_version=\u00a0\u00bb4.27.2&Prime; _module_preset=\u00a0\u00bbdefault\u00a0\u00bb border_radii=\u00a0\u00bbon|1000px|1000px|1000px|1000px\u00a0\u00bb box_shadow_style=\u00a0\u00bbpreset1&Prime; global_colors_info=\u00a0\u00bb{}\u00a0\u00bb][\/et_pb_image][et_pb_text _builder_version=\u00a0\u00bb4.16&Prime; _module_preset=\u00a0\u00bbdefault\u00a0\u00bb header_text_align=\u00a0\u00bbcenter\u00a0\u00bb header_2_text_align=\u00a0\u00bbcenter\u00a0\u00bb global_colors_info=\u00a0\u00bb{}\u00a0\u00bb]<\/p>\n<h2>Brian Carlson &#8211; Dir.<br \/>\ndes op\u00e9rations aux \u00c9tats-Unis <\/h2>\n<p>[\/et_pb_text][\/et_pb_column][et_pb_column type=\u00a0\u00bb3_5&Prime; _builder_version=\u00a0\u00bb4.16&Prime; _module_preset=\u00a0\u00bbdefault\u00a0\u00bb global_colors_info=\u00a0\u00bb{}\u00a0\u00bb][et_pb_text _builder_version=\u00a0\u00bb4.27.0&Prime; _module_preset=\u00a0\u00bbdefault\u00a0\u00bb global_colors_info=\u00a0\u00bb{}\u00a0\u00bb]<\/p>\n<p>Brian aide \u00e0 recruter et \u00e0 coordonner les b\u00e9n\u00e9voles de la FEJ depuis le d\u00e9but de l&rsquo;ann\u00e9e 2012 et a commenc\u00e9 \u00e0 servir en tant que directeur des op\u00e9rations en ao\u00fbt 2015.<\/p>\n<p>Son engagement aupr\u00e8s de la FEJ a commenc\u00e9 en 2007 lorsque lui et sa femme, le Dr. Rima Carlson, ont entam\u00e9 le processus d&rsquo;adoption de leur fille a\u00een\u00e9e de l&rsquo;orphelinat de la FEJ.<\/p>\n<p>Brian a travaill\u00e9 dans le domaine de la conservation des for\u00eats, dans le Michigan et le Vermont, afin d&rsquo;encourager l&rsquo;utilisation durable des ressources foresti\u00e8res.<\/p>\n<p>[\/et_pb_text][\/et_pb_column][\/et_pb_row][\/et_pb_section]<\/p>\n","protected":false},"excerpt":{"rendered":"<p>Gina Ferrus est une fervente d\u00e9fenseure des enfants et de son pays. N\u00e9e \u00e0 Petit-Go\u00e2ve, en Ha\u00efti, Gina est actuellement la directrice g\u00e9n\u00e9rale et pr\u00e9sidente de la Fondation Enfant Jeunesse (FEJ). Sous sa direction visionnaire, un centre communautaire est en plein essor, ainsi qu&rsquo;une clinique m\u00e9dicale, une \u00e9cole, un orphelinat, et des programmes innovants qui [&hellip;]<\/p>\n","protected":false},"author":1,"featured_media":0,"parent":0,"menu_order":0,"comment_status":"closed","ping_status":"closed","template":"","meta":{"_et_pb_use_builder":"on","_et_pb_old_content":"","_et_gb_content_width":"","footnotes":""},"class_list":["post-50295","page","type-page","status-publish","hentry"],"_links":{"self":[{"href":"https:\/\/fondationenfantjeunesse.org\/fr\/wp-json\/wp\/v2\/pages\/50295","targetHints":{"allow":["GET"]}}],"collection":[{"href":"https:\/\/fondationenfantjeunesse.org\/fr\/wp-json\/wp\/v2\/pages"}],"about":[{"href":"https:\/\/fondationenfantjeunesse.org\/fr\/wp-json\/wp\/v2\/types\/page"}],"author":[{"embeddable":true,"href":"https:\/\/fondationenfantjeunesse.org\/fr\/wp-json\/wp\/v2\/users\/1"}],"replies":[{"embeddable":true,"href":"https:\/\/fondationenfantjeunesse.org\/fr\/wp-json\/wp\/v2\/comments?post=50295"}],"version-history":[{"count":11,"href":"https:\/\/fondationenfantjeunesse.org\/fr\/wp-json\/wp\/v2\/pages\/50295\/revisions"}],"predecessor-version":[{"id":50519,"href":"https:\/\/fondationenfantjeunesse.org\/fr\/wp-json\/wp\/v2\/pages\/50295\/revisions\/50519"}],"wp:attachment":[{"href":"https:\/\/fondationenfantjeunesse.org\/fr\/wp-json\/wp\/v2\/media?parent=50295"}],"curies":[{"name":"wp","href":"https:\/\/api.w.org\/{rel}","templated":true}]}}